{"id":5260,"date":"2024-09-04T17:40:33","date_gmt":"2024-09-04T16:40:33","guid":{"rendered":"https:\/\/www.fasodansetheatre.com\/home\/"},"modified":"2025-11-07T14:52:06","modified_gmt":"2025-11-07T13:52:06","slug":"home","status":"publish","type":"page","link":"https:\/\/www.fasodansetheatre.com\/nl\/","title":{"rendered":"Home"},"content":{"rendered":"\t\t<div data-elementor-type=\"wp-page\" data-elementor-id=\"5260\" class=\"elementor elementor-5260 elementor-4715\" data-elementor-post-type=\"page\">\n\t\t\t\t<div class=\"elementor-element elementor-element-e3afe6c e-flex e-con-boxed e-con e-parent\" data-id=\"e3afe6c\" data-element_type=\"container\" data-core-v316-plus=\"true\">\n\t\t\t\t\t<div class=\"e-con-inner\">\n\t\t\t\t<div class=\"elementor-element elementor-element-53a45b9 elementor-widget elementor-widget-video\" data-id=\"53a45b9\" data-element_type=\"widget\" data-settings=\"{&quot;video_type&quot;:&quot;hosted&quot;,&quot;autoplay&quot;:&quot;yes&quot;,&quot;play_on_mobile&quot;:&quot;yes&quot;,&quot;loop&quot;:&quot;yes&quot;}\" data-widget_type=\"video.default\">\n\t\t\t\t<div class=\"elementor-widget-container\">\n\t\t\t<style>\/*! elementor - v3.20.0 - 11-03-2024 *\/\n.elementor-widget-video .elementor-widget-container{overflow:hidden;transform:translateZ(0)}.elementor-widget-video .elementor-wrapper{aspect-ratio:var(--video-aspect-ratio)}.elementor-widget-video .elementor-wrapper iframe,.elementor-widget-video .elementor-wrapper video{height:100%;width:100%;display:flex;border:none;background-color:#000}@supports not (aspect-ratio:1\/1){.elementor-widget-video .elementor-wrapper{position:relative;overflow:hidden;height:0;padding-bottom:calc(100% \/ var(--video-aspect-ratio))}.elementor-widget-video .elementor-wrapper iframe,.elementor-widget-video .elementor-wrapper video{position:absolute;top:0;right:0;bottom:0;left:0}}.elementor-widget-video .elementor-open-inline .elementor-custom-embed-image-overlay{position:absolute;top:0;right:0;bottom:0;left:0;background-size:cover;background-position:50%}.elementor-widget-video .elementor-custom-embed-image-overlay{cursor:pointer;text-align:center}.elementor-widget-video .elementor-custom-embed-image-overlay:hover .elementor-custom-embed-play i{opacity:1}.elementor-widget-video .elementor-custom-embed-image-overlay img{display:block;width:100%;aspect-ratio:var(--video-aspect-ratio);-o-object-fit:cover;object-fit:cover;-o-object-position:center center;object-position:center center}@supports not (aspect-ratio:1\/1){.elementor-widget-video .elementor-custom-embed-image-overlay{position:relative;overflow:hidden;height:0;padding-bottom:calc(100% \/ var(--video-aspect-ratio))}.elementor-widget-video .elementor-custom-embed-image-overlay img{position:absolute;top:0;right:0;bottom:0;left:0}}.elementor-widget-video .e-hosted-video .elementor-video{-o-object-fit:cover;object-fit:cover}.e-con-inner>.elementor-widget-video,.e-con>.elementor-widget-video{width:var(--container-widget-width);--flex-grow:var(--container-widget-flex-grow)}<\/style>\t\t<div class=\"e-hosted-video elementor-wrapper elementor-open-inline\">\n\t\t\t\t\t<video class=\"elementor-video\" src=\"https:\/\/www.fasodansetheatre.com\/wp-content\/uploads\/2025\/11\/1103-1.mov\" autoplay=\"\" loop=\"\" playsinline=\"\" controlsList=\"nodownload\"><\/video>\n\t\t\t\t<\/div>\n\t\t\t\t<\/div>\n\t\t\t\t<\/div>\n\t\t\t\t\t<\/div>\n\t\t\t\t<\/div>\n\t\t<div class=\"elementor-element elementor-element-2f4a047 e-flex e-con-boxed e-con e-parent\" data-id=\"2f4a047\" data-element_type=\"container\" data-settings=\"{&quot;background_background&quot;:&quot;classic&quot;}\" data-core-v316-plus=\"true\">\n\t\t\t\t\t<div class=\"e-con-inner\">\n\t\t\t\t<div class=\"elementor-element elementor-element-9de889e elementor-widget elementor-widget-spacer\" data-id=\"9de889e\" data-element_type=\"widget\" data-widget_type=\"spacer.default\">\n\t\t\t\t<div class=\"elementor-widget-container\">\n\t\t\t<style>\/*! elementor - v3.20.0 - 11-03-2024 *\/\n.elementor-column .elementor-spacer-inner{height:var(--spacer-size)}.e-con{--container-widget-width:100%}.e-con-inner>.elementor-widget-spacer,.e-con>.elementor-widget-spacer{width:var(--container-widget-width,var(--spacer-size));--align-self:var(--container-widget-align-self,initial);--flex-shrink:0}.e-con-inner>.elementor-widget-spacer>.elementor-widget-container,.e-con>.elementor-widget-spacer>.elementor-widget-container{height:100%;width:100%}.e-con-inner>.elementor-widget-spacer>.elementor-widget-container>.elementor-spacer,.e-con>.elementor-widget-spacer>.elementor-widget-container>.elementor-spacer{height:100%}.e-con-inner>.elementor-widget-spacer>.elementor-widget-container>.elementor-spacer>.elementor-spacer-inner,.e-con>.elementor-widget-spacer>.elementor-widget-container>.elementor-spacer>.elementor-spacer-inner{height:var(--container-widget-height,var(--spacer-size))}.e-con-inner>.elementor-widget-spacer.elementor-widget-empty,.e-con>.elementor-widget-spacer.elementor-widget-empty{position:relative;min-height:22px;min-width:22px}.e-con-inner>.elementor-widget-spacer.elementor-widget-empty .elementor-widget-empty-icon,.e-con>.elementor-widget-spacer.elementor-widget-empty .elementor-widget-empty-icon{position:absolute;top:0;bottom:0;left:0;right:0;margin:auto;padding:0;width:22px;height:22px}<\/style>\t\t<div class=\"elementor-spacer\">\n\t\t\t<div class=\"elementor-spacer-inner\"><\/div>\n\t\t<\/div>\n\t\t\t\t<\/div>\n\t\t\t\t<\/div>\n\t\t\t\t<div class=\"elementor-element elementor-element-06b8136 elementor-widget elementor-widget-heading\" data-id=\"06b8136\" data-element_type=\"widget\" data-widget_type=\"heading.default\">\n\t\t\t\t<div class=\"elementor-widget-container\">\n\t\t\t<style>\/*! elementor - v3.20.0 - 11-03-2024 *\/\n.elementor-heading-title{padding:0;margin:0;line-height:1}.elementor-widget-heading .elementor-heading-title[class*=elementor-size-]>a{color:inherit;font-size:inherit;line-height:inherit}.elementor-widget-heading .elementor-heading-title.elementor-size-small{font-size:15px}.elementor-widget-heading .elementor-heading-title.elementor-size-medium{font-size:19px}.elementor-widget-heading .elementor-heading-title.elementor-size-large{font-size:29px}.elementor-widget-heading .elementor-heading-title.elementor-size-xl{font-size:39px}.elementor-widget-heading .elementor-heading-title.elementor-size-xxl{font-size:59px}<\/style><h5 class=\"elementor-heading-title elementor-size-default\">Faso Danse Th\u00e9\u00e2tre \/ Serge Aim\u00e9 Coulibaly<\/h5>\t\t<\/div>\n\t\t\t\t<\/div>\n\t\t\t\t\t<\/div>\n\t\t\t\t<\/div>\n\t\t<div class=\"elementor-element elementor-element-ab15fa5 e-flex e-con-boxed e-con e-parent\" data-id=\"ab15fa5\" data-element_type=\"container\" data-settings=\"{&quot;background_background&quot;:&quot;gradient&quot;}\" data-core-v316-plus=\"true\">\n\t\t\t\t\t<div class=\"e-con-inner\">\n\t\t<div class=\"elementor-element elementor-element-ef64bf8 e-con-full e-flex e-con e-child\" data-id=\"ef64bf8\" data-element_type=\"container\">\n\t\t\t\t<div class=\"elementor-element elementor-element-51cebe2 elementor-widget elementor-widget-image\" data-id=\"51cebe2\" data-element_type=\"widget\" data-widget_type=\"image.default\">\n\t\t\t\t<div class=\"elementor-widget-container\">\n\t\t\t<style>\/*! elementor - v3.20.0 - 11-03-2024 *\/\n.elementor-widget-image{text-align:center}.elementor-widget-image a{display:inline-block}.elementor-widget-image a img[src$=\".svg\"]{width:48px}.elementor-widget-image img{vertical-align:middle;display:inline-block}<\/style>\t\t\t\t\t\t\t\t\t\t<img decoding=\"async\" width=\"91\" height=\"130\" src=\"https:\/\/www.fasodansetheatre.com\/wp-content\/uploads\/2025\/11\/logo-FASO-2013-KLEIN.png\" class=\"attachment-full size-full wp-image-6306\" alt=\"\" \/>\t\t\t\t\t\t\t\t\t\t\t\t\t<\/div>\n\t\t\t\t<\/div>\n\t\t\t\t<div class=\"elementor-element elementor-element-aa07f22 elementor-widget elementor-widget-image\" data-id=\"aa07f22\" data-element_type=\"widget\" data-widget_type=\"image.default\">\n\t\t\t\t<div class=\"elementor-widget-container\">\n\t\t\t\t\t\t\t\t\t\t\t\t\t<img fetchpriority=\"high\" decoding=\"async\" width=\"1920\" height=\"1920\" src=\"https:\/\/www.fasodansetheatre.com\/wp-content\/uploads\/2025\/11\/thumbnail_Serge-Aime-Coulibaly-Ouagadougou-2023-d2230306-016-\u00a9antoine-tempe.jpg\" class=\"attachment-full size-full wp-image-6309\" alt=\"\" srcset=\"https:\/\/www.fasodansetheatre.com\/wp-content\/uploads\/2025\/11\/thumbnail_Serge-Aime-Coulibaly-Ouagadougou-2023-d2230306-016-\u00a9antoine-tempe.jpg 1920w, https:\/\/www.fasodansetheatre.com\/wp-content\/uploads\/2025\/11\/thumbnail_Serge-Aime-Coulibaly-Ouagadougou-2023-d2230306-016-\u00a9antoine-tempe-300x300.jpg 300w, https:\/\/www.fasodansetheatre.com\/wp-content\/uploads\/2025\/11\/thumbnail_Serge-Aime-Coulibaly-Ouagadougou-2023-d2230306-016-\u00a9antoine-tempe-1024x1024.jpg 1024w, https:\/\/www.fasodansetheatre.com\/wp-content\/uploads\/2025\/11\/thumbnail_Serge-Aime-Coulibaly-Ouagadougou-2023-d2230306-016-\u00a9antoine-tempe-150x150.jpg 150w, https:\/\/www.fasodansetheatre.com\/wp-content\/uploads\/2025\/11\/thumbnail_Serge-Aime-Coulibaly-Ouagadougou-2023-d2230306-016-\u00a9antoine-tempe-768x768.jpg 768w, https:\/\/www.fasodansetheatre.com\/wp-content\/uploads\/2025\/11\/thumbnail_Serge-Aime-Coulibaly-Ouagadougou-2023-d2230306-016-\u00a9antoine-tempe-1536x1536.jpg 1536w, https:\/\/www.fasodansetheatre.com\/wp-content\/uploads\/2025\/11\/thumbnail_Serge-Aime-Coulibaly-Ouagadougou-2023-d2230306-016-\u00a9antoine-tempe-600x600.jpg 600w\" sizes=\"(max-width: 1920px) 100vw, 1920px\" \/>\t\t\t\t\t\t\t\t\t\t\t\t\t<\/div>\n\t\t\t\t<\/div>\n\t\t\t\t<\/div>\n\t\t<div class=\"elementor-element elementor-element-21bf89b e-flex e-con-boxed e-con e-child\" data-id=\"21bf89b\" data-element_type=\"container\" data-settings=\"{&quot;background_background&quot;:&quot;gradient&quot;}\">\n\t\t\t\t\t<div class=\"e-con-inner\">\n\t\t\t\t<div class=\"elementor-element elementor-element-543589b elementor-widget elementor-widget-heading\" data-id=\"543589b\" data-element_type=\"widget\" data-widget_type=\"heading.default\">\n\t\t\t\t<div class=\"elementor-widget-container\">\n\t\t\t<h2 class=\"elementor-heading-title elementor-size-default\">\u201cSerge Aim\u00e9 Coulibaly est l\u2019un des chor\u00e9graphes les plus engag\u00e9s de sa g\u00e9n\u00e9ration qui prom\u00e8ne sur le monde un regard aiguis\u00e9 et bienveillant pour nourrir une danse qui puise \u00e0 toutes les sources.\u201d\n\u2013 La Biennale de la Danse Lyon \u2013\n\nFaso Danse Th\u00e9\u00e2tre werd opgericht in 2002 door Serge Aim\u00e9 Coulibaly.\nDoorheen al zijn creaties, 10 tot op heden, verkent de Belgisch-Burkinese choreograaf complexe thema\u2019s met als doel een re\u00eble positieve dynamiek te cre\u00ebren. Zijn inspiratie is geworteld in de Afrikaanse cultuur en zijn kunst engageert zich tot de noodzaak van hedendaagse, krachtige dans, verankerd in emotie maar altijd drager van reflectie en hoop. Zijn sterke expressie maakt hem universeel en vindt gehoor in verschillende continenten. Elke creatieperiode vindt deels plaats in Afrika en deels in Europa.\n\nVoor Serge Aim\u00e9 Coulibaly betekent dans een maatschappelijk engagement. Hij stelt de dagelijkse realiteit en de maatschappelijke evoluties in vraag en deelt dat onderzoek met zijn publiek. In zijn werk onderzoekt hij het snijvlak tussen persoonlijkheid en betrokkenheid, de spanning tussen enerzijds wat het individu beleeft of wil zeggen en anderzijds wat het engagement voor een betere wereld aan dat individu oplegt. Vanuit zijn engagement ontwikkelde hij een creatieproces dat vertrekt vanuit het dualiteitsprincipe. Iedere beweging die het lichaam doorkruist, kent een tegengestelde. Iedere vorm van energie gaat gepaard met een tweede vorm. Hierdoor komen lichaam en geest in een staat waarin intu\u00eftie en urgentie het overnemen.<\/h2>\t\t<\/div>\n\t\t\t\t<\/div>\n\t\t\t\t\t<\/div>\n\t\t\t\t<\/div>\n\t\t\t\t\t<\/div>\n\t\t\t\t<\/div>\n\t\t<div class=\"elementor-element elementor-element-cad4e2f e-flex e-con-boxed e-con e-parent\" data-id=\"cad4e2f\" data-element_type=\"container\" data-settings=\"{&quot;background_background&quot;:&quot;classic&quot;,&quot;shape_divider_top&quot;:&quot;curve-asymmetrical&quot;,&quot;shape_divider_top_negative&quot;:&quot;yes&quot;}\" data-core-v316-plus=\"true\">\n\t\t\t\t\t<div class=\"e-con-inner\">\n\t\t\t\t<div class=\"elementor-shape elementor-shape-top\" data-negative=\"true\">\n\t\t\t<svg xmlns=\"http:\/\/www.w3.org\/2000\/svg\" viewBox=\"0 0 1000 100\" preserveAspectRatio=\"none\">\n\t<path class=\"elementor-shape-fill\" d=\"M615.2,96.7C240.2,97.8,0,18.9,0,0v100h1000V0C1000,19.2,989.8,96,615.2,96.7z\"\/>\n<\/svg>\t\t<\/div>\n\t\t\t\t<div class=\"elementor-element elementor-element-0556f7b elementor-widget elementor-widget-spacer\" data-id=\"0556f7b\" data-element_type=\"widget\" data-widget_type=\"spacer.default\">\n\t\t\t\t<div class=\"elementor-widget-container\">\n\t\t\t\t\t<div class=\"elementor-spacer\">\n\t\t\t<div class=\"elementor-spacer-inner\"><\/div>\n\t\t<\/div>\n\t\t\t\t<\/div>\n\t\t\t\t<\/div>\n\t\t\t\t<div class=\"elementor-element elementor-element-6690f9e elementor-widget elementor-widget-heading\" data-id=\"6690f9e\" data-element_type=\"widget\" data-widget_type=\"heading.default\">\n\t\t\t\t<div class=\"elementor-widget-container\">\n\t\t\t<h2 class=\"elementor-heading-title elementor-size-default\">CONTACTEER ONS VOOR MEER INFORMATIE<\/h2>\t\t<\/div>\n\t\t\t\t<\/div>\n\t\t\t\t<div class=\"elementor-element elementor-element-03a086e elementor-align-center elementor-widget elementor-widget-button\" data-id=\"03a086e\" data-element_type=\"widget\" data-widget_type=\"button.default\">\n\t\t\t\t<div class=\"elementor-widget-container\">\n\t\t\t\t\t<div class=\"elementor-button-wrapper\">\n\t\t\t<a class=\"elementor-button elementor-button-link elementor-size-md\" href=\"https:\/\/www.fasodansetheatre.com\/nl\/contact\/\">\n\t\t\t\t\t\t<span class=\"elementor-button-content-wrapper\">\n\t\t\t\t\t\t<span class=\"elementor-button-text\">CONTACT OPNEMEN<\/span>\n\t\t<\/span>\n\t\t\t\t\t<\/a>\n\t\t<\/div>\n\t\t\t\t<\/div>\n\t\t\t\t<\/div>\n\t\t\t\t<div class=\"elementor-element elementor-element-0f2740d elementor-widget elementor-widget-spacer\" data-id=\"0f2740d\" data-element_type=\"widget\" data-widget_type=\"spacer.default\">\n\t\t\t\t<div class=\"elementor-widget-container\">\n\t\t\t\t\t<div class=\"elementor-spacer\">\n\t\t\t<div class=\"elementor-spacer-inner\"><\/div>\n\t\t<\/div>\n\t\t\t\t<\/div>\n\t\t\t\t<\/div>\n\t\t\t\t\t<\/div>\n\t\t\t\t<\/div>\n\t\t<div class=\"elementor-element elementor-element-dde4f16 e-con-full e-flex e-con e-parent\" data-id=\"dde4f16\" data-element_type=\"container\" data-core-v316-plus=\"true\">\n\t\t<div class=\"elementor-element elementor-element-16329de e-con-full e-flex e-con e-child\" data-id=\"16329de\" data-element_type=\"container\">\n\t\t\t\t<div class=\"elementor-element elementor-element-b4ddd0f elementor-widget__width-initial elementor-widget elementor-widget-heading\" data-id=\"b4ddd0f\" data-element_type=\"widget\" data-widget_type=\"heading.default\">\n\t\t\t\t<div class=\"elementor-widget-container\">\n\t\t\t<h2 class=\"elementor-heading-title elementor-size-default\">Avec le Soutien du Gouvernement Flamand<\/h2>\t\t<\/div>\n\t\t\t\t<\/div>\n\t\t\t\t<\/div>\n\t\t<div class=\"elementor-element elementor-element-4b8dc3d e-con-full e-flex e-con e-child\" data-id=\"4b8dc3d\" data-element_type=\"container\">\n\t\t\t\t<div class=\"elementor-element elementor-element-4b7e776 elementor-widget elementor-widget-heading\" data-id=\"4b7e776\" data-element_type=\"widget\" data-widget_type=\"heading.default\">\n\t\t\t\t<div class=\"elementor-widget-container\">\n\t\t\t<h2 class=\"elementor-heading-title elementor-size-default\">Avec le Soutien de la\n F\u00e9d\u00e9ration Wallonie-Bruxelles et de Wallonie-Bruxelles International<\/h2>\t\t<\/div>\n\t\t\t\t<\/div>\n\t\t\t\t<\/div>\n\t\t\t\t<\/div>\n\t\t<div class=\"elementor-element elementor-element-5611e60 e-grid e-con-boxed e-con e-parent\" data-id=\"5611e60\" data-element_type=\"container\" data-core-v316-plus=\"true\">\n\t\t\t\t\t<div class=\"e-con-inner\">\n\t\t\t\t<div class=\"elementor-element elementor-element-2fa1e4c elementor-widget elementor-widget-image\" data-id=\"2fa1e4c\" data-element_type=\"widget\" data-widget_type=\"image.default\">\n\t\t\t\t<div class=\"elementor-widget-container\">\n\t\t\t\t\t\t\t\t\t\t\t\t\t<img decoding=\"async\" width=\"496\" height=\"204\" src=\"https:\/\/www.fasodansetheatre.com\/wp-content\/uploads\/2025\/11\/Flanders_horizontaal_naakt.png\" class=\"attachment-large size-large wp-image-6312\" alt=\"\" srcset=\"https:\/\/www.fasodansetheatre.com\/wp-content\/uploads\/2025\/11\/Flanders_horizontaal_naakt.png 496w, https:\/\/www.fasodansetheatre.com\/wp-content\/uploads\/2025\/11\/Flanders_horizontaal_naakt-300x123.png 300w\" sizes=\"(max-width: 496px) 100vw, 496px\" \/>\t\t\t\t\t\t\t\t\t\t\t\t\t<\/div>\n\t\t\t\t<\/div>\n\t\t\t\t<div class=\"elementor-element elementor-element-f4a5d91 elementor-widget elementor-widget-image\" data-id=\"f4a5d91\" data-element_type=\"widget\" data-widget_type=\"image.default\">\n\t\t\t\t<div class=\"elementor-widget-container\">\n\t\t\t\t\t\t\t\t\t\t\t\t\t<img loading=\"lazy\" decoding=\"async\" width=\"1241\" height=\"1241\" src=\"https:\/\/www.fasodansetheatre.com\/wp-content\/uploads\/2025\/11\/FWB_VERTI_RVB.jpg\" class=\"attachment-full size-full wp-image-6315\" alt=\"\" srcset=\"https:\/\/www.fasodansetheatre.com\/wp-content\/uploads\/2025\/11\/FWB_VERTI_RVB.jpg 1241w, https:\/\/www.fasodansetheatre.com\/wp-content\/uploads\/2025\/11\/FWB_VERTI_RVB-300x300.jpg 300w, https:\/\/www.fasodansetheatre.com\/wp-content\/uploads\/2025\/11\/FWB_VERTI_RVB-1024x1024.jpg 1024w, https:\/\/www.fasodansetheatre.com\/wp-content\/uploads\/2025\/11\/FWB_VERTI_RVB-150x150.jpg 150w, https:\/\/www.fasodansetheatre.com\/wp-content\/uploads\/2025\/11\/FWB_VERTI_RVB-768x768.jpg 768w, https:\/\/www.fasodansetheatre.com\/wp-content\/uploads\/2025\/11\/FWB_VERTI_RVB-600x600.jpg 600w\" sizes=\"(max-width: 1241px) 100vw, 1241px\" \/>\t\t\t\t\t\t\t\t\t\t\t\t\t<\/div>\n\t\t\t\t<\/div>\n\t\t\t\t<div class=\"elementor-element elementor-element-c2747a3 elementor-widget elementor-widget-image\" data-id=\"c2747a3\" data-element_type=\"widget\" data-widget_type=\"image.default\">\n\t\t\t\t<div class=\"elementor-widget-container\">\n\t\t\t\t\t\t\t\t\t\t\t\t\t<img loading=\"lazy\" decoding=\"async\" width=\"1024\" height=\"574\" src=\"https:\/\/www.fasodansetheatre.com\/wp-content\/uploads\/2025\/11\/logo_wbi_noir_haute_resolution-1024x574.png\" class=\"attachment-large size-large wp-image-6318\" alt=\"\" srcset=\"https:\/\/www.fasodansetheatre.com\/wp-content\/uploads\/2025\/11\/logo_wbi_noir_haute_resolution-1024x574.png 1024w, https:\/\/www.fasodansetheatre.com\/wp-content\/uploads\/2025\/11\/logo_wbi_noir_haute_resolution-300x168.png 300w, https:\/\/www.fasodansetheatre.com\/wp-content\/uploads\/2025\/11\/logo_wbi_noir_haute_resolution-768x430.png 768w, https:\/\/www.fasodansetheatre.com\/wp-content\/uploads\/2025\/11\/logo_wbi_noir_haute_resolution-1536x861.png 1536w, https:\/\/www.fasodansetheatre.com\/wp-content\/uploads\/2025\/11\/logo_wbi_noir_haute_resolution-2048x1148.png 2048w\" sizes=\"(max-width: 1024px) 100vw, 1024px\" \/>\t\t\t\t\t\t\t\t\t\t\t\t\t<\/div>\n\t\t\t\t<\/div>\n\t\t\t\t\t<\/div>\n\t\t\t\t<\/div>\n\t\t\t\t<\/div>\n\t\t","protected":false},"excerpt":{"rendered":"<p>https:\/\/www.fasodansetheatre.com\/wp-content\/uploads\/2025\/11\/1103-1.mov Faso Danse Th\u00e9\u00e2tre \/ Serge Aim\u00e9 Coulibaly \u201cSerge Aim\u00e9 Coulibaly est l\u2019un des chor\u00e9graphes les plus engag\u00e9s de sa g\u00e9n\u00e9ration qui prom\u00e8ne sur le monde un regard aiguis\u00e9 et bienveillant pour nourrir une danse qui puise \u00e0 toutes les sources.\u201d \u2013 La Biennale de la Danse Lyon \u2013 Faso Danse Th\u00e9\u00e2tre werd opgericht in [&hellip;]<\/p>\n","protected":false},"author":3,"featured_media":0,"parent":0,"menu_order":0,"comment_status":"closed","ping_status":"closed","template":"","meta":{"_monsterinsights_skip_tracking":false,"_monsterinsights_sitenote_active":false,"_monsterinsights_sitenote_note":"","_monsterinsights_sitenote_category":0,"ocean_post_layout":"","ocean_both_sidebars_style":"","ocean_both_sidebars_content_width":0,"ocean_both_sidebars_sidebars_width":0,"ocean_sidebar":"","ocean_second_sidebar":"","ocean_disable_margins":"enable","ocean_add_body_class":"","ocean_shortcode_before_top_bar":"","ocean_shortcode_after_top_bar":"","ocean_shortcode_before_header":"","ocean_shortcode_after_header":"","ocean_has_shortcode":"","ocean_shortcode_after_title":"","ocean_shortcode_before_footer_widgets":"","ocean_shortcode_after_footer_widgets":"","ocean_shortcode_before_footer_bottom":"","ocean_shortcode_after_footer_bottom":"","ocean_display_top_bar":"default","ocean_display_header":"default","ocean_header_style":"","ocean_center_header_left_menu":"","ocean_custom_header_template":"","ocean_custom_logo":0,"ocean_custom_retina_logo":0,"ocean_custom_logo_max_width":0,"ocean_custom_logo_tablet_max_width":0,"ocean_custom_logo_mobile_max_width":0,"ocean_custom_logo_max_height":0,"ocean_custom_logo_tablet_max_height":0,"ocean_custom_logo_mobile_max_height":0,"ocean_header_custom_menu":"","ocean_menu_typo_font_family":"","ocean_menu_typo_font_subset":"","ocean_menu_typo_font_size":0,"ocean_menu_typo_font_size_tablet":0,"ocean_menu_typo_font_size_mobile":0,"ocean_menu_typo_font_size_unit":"px","ocean_menu_typo_font_weight":"","ocean_menu_typo_font_weight_tablet":"","ocean_menu_typo_font_weight_mobile":"","ocean_menu_typo_transform":"","ocean_menu_typo_transform_tablet":"","ocean_menu_typo_transform_mobile":"","ocean_menu_typo_line_height":0,"ocean_menu_typo_line_height_tablet":0,"ocean_menu_typo_line_height_mobile":0,"ocean_menu_typo_line_height_unit":"","ocean_menu_typo_spacing":0,"ocean_menu_typo_spacing_tablet":0,"ocean_menu_typo_spacing_mobile":0,"ocean_menu_typo_spacing_unit":"","ocean_menu_link_color":"","ocean_menu_link_color_hover":"","ocean_menu_link_color_active":"","ocean_menu_link_background":"","ocean_menu_link_hover_background":"","ocean_menu_link_active_background":"","ocean_menu_social_links_bg":"","ocean_menu_social_hover_links_bg":"","ocean_menu_social_links_color":"","ocean_menu_social_hover_links_color":"","ocean_disable_title":"default","ocean_disable_heading":"default","ocean_post_title":"","ocean_post_subheading":"","ocean_post_title_style":"","ocean_post_title_background_color":"","ocean_post_title_background":0,"ocean_post_title_bg_image_position":"","ocean_post_title_bg_image_attachment":"","ocean_post_title_bg_image_repeat":"","ocean_post_title_bg_image_size":"","ocean_post_title_height":0,"ocean_post_title_bg_overlay":0.5,"ocean_post_title_bg_overlay_color":"","ocean_disable_breadcrumbs":"default","ocean_breadcrumbs_color":"","ocean_breadcrumbs_separator_color":"","ocean_breadcrumbs_links_color":"","ocean_breadcrumbs_links_hover_color":"","ocean_display_footer_widgets":"default","ocean_display_footer_bottom":"default","ocean_custom_footer_template":"","footnotes":""},"yoast_head":"<!-- This site is optimized with the Yoast SEO plugin v23.4 - https:\/\/yoast.com\/wordpress\/plugins\/seo\/ -->\n<title>Home - Faso Danse Theatre<\/title>\n<meta name=\"robots\" content=\"index, follow, max-snippet:-1, max-image-preview:large, max-video-preview:-1\" \/>\n<link rel=\"canonical\" href=\"https:\/\/www.fasodansetheatre.com\/nl\/\" \/>\n<meta property=\"og:locale\" content=\"nl_NL\" \/>\n<meta property=\"og:type\" content=\"article\" \/>\n<meta property=\"og:title\" content=\"Home - Faso Danse Theatre\" \/>\n<meta property=\"og:description\" content=\"https:\/\/www.fasodansetheatre.com\/wp-content\/uploads\/2025\/11\/1103-1.mov Faso Danse Th\u00e9\u00e2tre \/ Serge Aim\u00e9 Coulibaly \u201cSerge Aim\u00e9 Coulibaly est l\u2019un des chor\u00e9graphes les plus engag\u00e9s de sa g\u00e9n\u00e9ration qui prom\u00e8ne sur le monde un regard aiguis\u00e9 et bienveillant pour nourrir une danse qui puise \u00e0 toutes les sources.\u201d \u2013 La Biennale de la Danse Lyon \u2013 Faso Danse Th\u00e9\u00e2tre werd opgericht in [&hellip;]\" \/>\n<meta property=\"og:url\" content=\"https:\/\/www.fasodansetheatre.com\/nl\/\" \/>\n<meta property=\"og:site_name\" content=\"Faso Danse Theatre\" \/>\n<meta property=\"article:modified_time\" content=\"2025-11-07T13:52:06+00:00\" \/>\n<meta property=\"og:image\" content=\"https:\/\/www.fasodansetheatre.com\/wp-content\/uploads\/2025\/11\/logo-FASO-2013-KLEIN.png\" \/>\n<meta name=\"twitter:card\" content=\"summary_large_image\" \/>\n<meta name=\"twitter:label1\" content=\"Geschatte leestijd\" \/>\n\t<meta name=\"twitter:data1\" content=\"3 minuten\" \/>\n<script type=\"application\/ld+json\" class=\"yoast-schema-graph\">{\"@context\":\"https:\/\/schema.org\",\"@graph\":[{\"@type\":\"WebPage\",\"@id\":\"https:\/\/www.fasodansetheatre.com\/nl\/\",\"url\":\"https:\/\/www.fasodansetheatre.com\/nl\/\",\"name\":\"Home - Faso Danse Theatre\",\"isPartOf\":{\"@id\":\"https:\/\/www.fasodansetheatre.com\/#website\"},\"primaryImageOfPage\":{\"@id\":\"https:\/\/www.fasodansetheatre.com\/nl\/#primaryimage\"},\"image\":{\"@id\":\"https:\/\/www.fasodansetheatre.com\/nl\/#primaryimage\"},\"thumbnailUrl\":\"https:\/\/www.fasodansetheatre.com\/wp-content\/uploads\/2025\/11\/logo-FASO-2013-KLEIN.png\",\"datePublished\":\"2024-09-04T16:40:33+00:00\",\"dateModified\":\"2025-11-07T13:52:06+00:00\",\"breadcrumb\":{\"@id\":\"https:\/\/www.fasodansetheatre.com\/nl\/#breadcrumb\"},\"inLanguage\":\"nl-NL\",\"potentialAction\":[{\"@type\":\"ReadAction\",\"target\":[\"https:\/\/www.fasodansetheatre.com\/nl\/\"]}]},{\"@type\":\"ImageObject\",\"inLanguage\":\"nl-NL\",\"@id\":\"https:\/\/www.fasodansetheatre.com\/nl\/#primaryimage\",\"url\":\"https:\/\/www.fasodansetheatre.com\/wp-content\/uploads\/2025\/11\/logo-FASO-2013-KLEIN.png\",\"contentUrl\":\"https:\/\/www.fasodansetheatre.com\/wp-content\/uploads\/2025\/11\/logo-FASO-2013-KLEIN.png\"},{\"@type\":\"BreadcrumbList\",\"@id\":\"https:\/\/www.fasodansetheatre.com\/nl\/#breadcrumb\",\"itemListElement\":[{\"@type\":\"ListItem\",\"position\":1,\"name\":\"Home\",\"item\":\"https:\/\/www.fasodansetheatre.com\/nl\/\"},{\"@type\":\"ListItem\",\"position\":2,\"name\":\"Home\"}]},{\"@type\":\"WebSite\",\"@id\":\"https:\/\/www.fasodansetheatre.com\/#website\",\"url\":\"https:\/\/www.fasodansetheatre.com\/\",\"name\":\"Faso Danse Theatre\",\"description\":\"\",\"publisher\":{\"@id\":\"https:\/\/www.fasodansetheatre.com\/#organization\"},\"potentialAction\":[{\"@type\":\"SearchAction\",\"target\":{\"@type\":\"EntryPoint\",\"urlTemplate\":\"https:\/\/www.fasodansetheatre.com\/?s={search_term_string}\"},\"query-input\":{\"@type\":\"PropertyValueSpecification\",\"valueRequired\":true,\"valueName\":\"search_term_string\"}}],\"inLanguage\":\"nl-NL\"},{\"@type\":\"Organization\",\"@id\":\"https:\/\/www.fasodansetheatre.com\/#organization\",\"name\":\"Faso Danse Theatre\",\"url\":\"https:\/\/www.fasodansetheatre.com\/\",\"logo\":{\"@type\":\"ImageObject\",\"inLanguage\":\"nl-NL\",\"@id\":\"https:\/\/www.fasodansetheatre.com\/#\/schema\/logo\/image\/\",\"url\":\"https:\/\/www.fasodansetheatre.com\/wp-content\/uploads\/2020\/02\/cropped-Schermafbeelding-2020-02-18-om-22.31.36-e1582061705302.png\",\"contentUrl\":\"https:\/\/www.fasodansetheatre.com\/wp-content\/uploads\/2020\/02\/cropped-Schermafbeelding-2020-02-18-om-22.31.36-e1582061705302.png\",\"width\":512,\"height\":512,\"caption\":\"Faso Danse Theatre\"},\"image\":{\"@id\":\"https:\/\/www.fasodansetheatre.com\/#\/schema\/logo\/image\/\"}}]}<\/script>\n<!-- \/ Yoast SEO plugin. -->","yoast_head_json":{"title":"Home - Faso Danse Theatre","robots":{"index":"index","follow":"follow","max-snippet":"max-snippet:-1","max-image-preview":"max-image-preview:large","max-video-preview":"max-video-preview:-1"},"canonical":"https:\/\/www.fasodansetheatre.com\/nl\/","og_locale":"nl_NL","og_type":"article","og_title":"Home - Faso Danse Theatre","og_description":"https:\/\/www.fasodansetheatre.com\/wp-content\/uploads\/2025\/11\/1103-1.mov Faso Danse Th\u00e9\u00e2tre \/ Serge Aim\u00e9 Coulibaly \u201cSerge Aim\u00e9 Coulibaly est l\u2019un des chor\u00e9graphes les plus engag\u00e9s de sa g\u00e9n\u00e9ration qui prom\u00e8ne sur le monde un regard aiguis\u00e9 et bienveillant pour nourrir une danse qui puise \u00e0 toutes les sources.\u201d \u2013 La Biennale de la Danse Lyon \u2013 Faso Danse Th\u00e9\u00e2tre werd opgericht in [&hellip;]","og_url":"https:\/\/www.fasodansetheatre.com\/nl\/","og_site_name":"Faso Danse Theatre","article_modified_time":"2025-11-07T13:52:06+00:00","og_image":[{"url":"https:\/\/www.fasodansetheatre.com\/wp-content\/uploads\/2025\/11\/logo-FASO-2013-KLEIN.png"}],"twitter_card":"summary_large_image","twitter_misc":{"Geschatte leestijd":"3 minuten"},"schema":{"@context":"https:\/\/schema.org","@graph":[{"@type":"WebPage","@id":"https:\/\/www.fasodansetheatre.com\/nl\/","url":"https:\/\/www.fasodansetheatre.com\/nl\/","name":"Home - Faso Danse Theatre","isPartOf":{"@id":"https:\/\/www.fasodansetheatre.com\/#website"},"primaryImageOfPage":{"@id":"https:\/\/www.fasodansetheatre.com\/nl\/#primaryimage"},"image":{"@id":"https:\/\/www.fasodansetheatre.com\/nl\/#primaryimage"},"thumbnailUrl":"https:\/\/www.fasodansetheatre.com\/wp-content\/uploads\/2025\/11\/logo-FASO-2013-KLEIN.png","datePublished":"2024-09-04T16:40:33+00:00","dateModified":"2025-11-07T13:52:06+00:00","breadcrumb":{"@id":"https:\/\/www.fasodansetheatre.com\/nl\/#breadcrumb"},"inLanguage":"nl-NL","potentialAction":[{"@type":"ReadAction","target":["https:\/\/www.fasodansetheatre.com\/nl\/"]}]},{"@type":"ImageObject","inLanguage":"nl-NL","@id":"https:\/\/www.fasodansetheatre.com\/nl\/#primaryimage","url":"https:\/\/www.fasodansetheatre.com\/wp-content\/uploads\/2025\/11\/logo-FASO-2013-KLEIN.png","contentUrl":"https:\/\/www.fasodansetheatre.com\/wp-content\/uploads\/2025\/11\/logo-FASO-2013-KLEIN.png"},{"@type":"BreadcrumbList","@id":"https:\/\/www.fasodansetheatre.com\/nl\/#breadcrumb","itemListElement":[{"@type":"ListItem","position":1,"name":"Home","item":"https:\/\/www.fasodansetheatre.com\/nl\/"},{"@type":"ListItem","position":2,"name":"Home"}]},{"@type":"WebSite","@id":"https:\/\/www.fasodansetheatre.com\/#website","url":"https:\/\/www.fasodansetheatre.com\/","name":"Faso Danse Theatre","description":"","publisher":{"@id":"https:\/\/www.fasodansetheatre.com\/#organization"},"potentialAction":[{"@type":"SearchAction","target":{"@type":"EntryPoint","urlTemplate":"https:\/\/www.fasodansetheatre.com\/?s={search_term_string}"},"query-input":{"@type":"PropertyValueSpecification","valueRequired":true,"valueName":"search_term_string"}}],"inLanguage":"nl-NL"},{"@type":"Organization","@id":"https:\/\/www.fasodansetheatre.com\/#organization","name":"Faso Danse Theatre","url":"https:\/\/www.fasodansetheatre.com\/","logo":{"@type":"ImageObject","inLanguage":"nl-NL","@id":"https:\/\/www.fasodansetheatre.com\/#\/schema\/logo\/image\/","url":"https:\/\/www.fasodansetheatre.com\/wp-content\/uploads\/2020\/02\/cropped-Schermafbeelding-2020-02-18-om-22.31.36-e1582061705302.png","contentUrl":"https:\/\/www.fasodansetheatre.com\/wp-content\/uploads\/2020\/02\/cropped-Schermafbeelding-2020-02-18-om-22.31.36-e1582061705302.png","width":512,"height":512,"caption":"Faso Danse Theatre"},"image":{"@id":"https:\/\/www.fasodansetheatre.com\/#\/schema\/logo\/image\/"}}]}},"_links":{"self":[{"href":"https:\/\/www.fasodansetheatre.com\/nl\/wp-json\/wp\/v2\/pages\/5260"}],"collection":[{"href":"https:\/\/www.fasodansetheatre.com\/nl\/wp-json\/wp\/v2\/pages"}],"about":[{"href":"https:\/\/www.fasodansetheatre.com\/nl\/wp-json\/wp\/v2\/types\/page"}],"author":[{"embeddable":true,"href":"https:\/\/www.fasodansetheatre.com\/nl\/wp-json\/wp\/v2\/users\/3"}],"replies":[{"embeddable":true,"href":"https:\/\/www.fasodansetheatre.com\/nl\/wp-json\/wp\/v2\/comments?post=5260"}],"version-history":[{"count":98,"href":"https:\/\/www.fasodansetheatre.com\/nl\/wp-json\/wp\/v2\/pages\/5260\/revisions"}],"predecessor-version":[{"id":6352,"href":"https:\/\/www.fasodansetheatre.com\/nl\/wp-json\/wp\/v2\/pages\/5260\/revisions\/6352"}],"wp:attachment":[{"href":"https:\/\/www.fasodansetheatre.com\/nl\/wp-json\/wp\/v2\/media?parent=5260"}],"curies":[{"name":"wp","href":"https:\/\/api.w.org\/{rel}","templated":true}]}}