{"id":5331,"date":"2024-09-04T20:12:12","date_gmt":"2024-09-04T19:12:12","guid":{"rendered":"https:\/\/www.fasodansetheatre.com\/calendrier\/"},"modified":"2026-03-21T10:07:52","modified_gmt":"2026-03-21T09:07:52","slug":"calendrier","status":"publish","type":"page","link":"https:\/\/www.fasodansetheatre.com\/fr\/calendrier\/","title":{"rendered":"Calendrier"},"content":{"rendered":"\t\t<div data-elementor-type=\"wp-page\" data-elementor-id=\"5331\" class=\"elementor elementor-5331 elementor-4784\" data-elementor-post-type=\"page\">\n\t\t\t\t<div class=\"elementor-element elementor-element-eb64696 e-con-full e-flex e-con e-parent\" data-id=\"eb64696\" data-element_type=\"container\" data-settings=\"{&quot;background_background&quot;:&quot;classic&quot;,&quot;shape_divider_bottom&quot;:&quot;curve-asymmetrical&quot;,&quot;shape_divider_bottom_negative&quot;:&quot;yes&quot;}\" data-core-v316-plus=\"true\">\n\t\t\t\t<div class=\"elementor-shape elementor-shape-bottom\" data-negative=\"true\">\n\t\t\t<svg xmlns=\"http:\/\/www.w3.org\/2000\/svg\" viewBox=\"0 0 1000 100\" preserveAspectRatio=\"none\">\n\t<path class=\"elementor-shape-fill\" d=\"M615.2,96.7C240.2,97.8,0,18.9,0,0v100h1000V0C1000,19.2,989.8,96,615.2,96.7z\"\/>\n<\/svg>\t\t<\/div>\n\t\t\t\t<div class=\"elementor-element elementor-element-08fede7 elementor-widget elementor-widget-spacer\" data-id=\"08fede7\" data-element_type=\"widget\" data-widget_type=\"spacer.default\">\n\t\t\t\t<div class=\"elementor-widget-container\">\n\t\t\t<style>\/*! elementor - v3.20.0 - 11-03-2024 *\/\n.elementor-column .elementor-spacer-inner{height:var(--spacer-size)}.e-con{--container-widget-width:100%}.e-con-inner>.elementor-widget-spacer,.e-con>.elementor-widget-spacer{width:var(--container-widget-width,var(--spacer-size));--align-self:var(--container-widget-align-self,initial);--flex-shrink:0}.e-con-inner>.elementor-widget-spacer>.elementor-widget-container,.e-con>.elementor-widget-spacer>.elementor-widget-container{height:100%;width:100%}.e-con-inner>.elementor-widget-spacer>.elementor-widget-container>.elementor-spacer,.e-con>.elementor-widget-spacer>.elementor-widget-container>.elementor-spacer{height:100%}.e-con-inner>.elementor-widget-spacer>.elementor-widget-container>.elementor-spacer>.elementor-spacer-inner,.e-con>.elementor-widget-spacer>.elementor-widget-container>.elementor-spacer>.elementor-spacer-inner{height:var(--container-widget-height,var(--spacer-size))}.e-con-inner>.elementor-widget-spacer.elementor-widget-empty,.e-con>.elementor-widget-spacer.elementor-widget-empty{position:relative;min-height:22px;min-width:22px}.e-con-inner>.elementor-widget-spacer.elementor-widget-empty .elementor-widget-empty-icon,.e-con>.elementor-widget-spacer.elementor-widget-empty .elementor-widget-empty-icon{position:absolute;top:0;bottom:0;left:0;right:0;margin:auto;padding:0;width:22px;height:22px}<\/style>\t\t<div class=\"elementor-spacer\">\n\t\t\t<div class=\"elementor-spacer-inner\"><\/div>\n\t\t<\/div>\n\t\t\t\t<\/div>\n\t\t\t\t<\/div>\n\t\t\t\t<div class=\"elementor-element elementor-element-caf5440 elementor-widget elementor-widget-heading\" data-id=\"caf5440\" data-element_type=\"widget\" data-widget_type=\"heading.default\">\n\t\t\t\t<div class=\"elementor-widget-container\">\n\t\t\t<style>\/*! elementor - v3.20.0 - 11-03-2024 *\/\n.elementor-heading-title{padding:0;margin:0;line-height:1}.elementor-widget-heading .elementor-heading-title[class*=elementor-size-]>a{color:inherit;font-size:inherit;line-height:inherit}.elementor-widget-heading .elementor-heading-title.elementor-size-small{font-size:15px}.elementor-widget-heading .elementor-heading-title.elementor-size-medium{font-size:19px}.elementor-widget-heading .elementor-heading-title.elementor-size-large{font-size:29px}.elementor-widget-heading .elementor-heading-title.elementor-size-xl{font-size:39px}.elementor-widget-heading .elementor-heading-title.elementor-size-xxl{font-size:59px}<\/style><h1 class=\"elementor-heading-title elementor-size-default\">CALENDRIER<\/h1>\t\t<\/div>\n\t\t\t\t<\/div>\n\t\t\t\t<div class=\"elementor-element elementor-element-05fd48c elementor-widget elementor-widget-spacer\" data-id=\"05fd48c\" data-element_type=\"widget\" data-widget_type=\"spacer.default\">\n\t\t\t\t<div class=\"elementor-widget-container\">\n\t\t\t\t\t<div class=\"elementor-spacer\">\n\t\t\t<div class=\"elementor-spacer-inner\"><\/div>\n\t\t<\/div>\n\t\t\t\t<\/div>\n\t\t\t\t<\/div>\n\t\t\t\t<\/div>\n\t\t<div class=\"elementor-element elementor-element-d52549a e-flex e-con-boxed e-con e-parent\" data-id=\"d52549a\" data-element_type=\"container\" data-settings=\"{&quot;background_background&quot;:&quot;classic&quot;,&quot;shape_divider_top&quot;:&quot;curve-asymmetrical&quot;,&quot;shape_divider_top_negative&quot;:&quot;yes&quot;,&quot;shape_divider_bottom&quot;:&quot;curve-asymmetrical&quot;,&quot;shape_divider_bottom_negative&quot;:&quot;yes&quot;}\" data-core-v316-plus=\"true\">\n\t\t\t\t\t<div class=\"e-con-inner\">\n\t\t\t\t<div class=\"elementor-shape elementor-shape-top\" data-negative=\"true\">\n\t\t\t<svg xmlns=\"http:\/\/www.w3.org\/2000\/svg\" viewBox=\"0 0 1000 100\" preserveAspectRatio=\"none\">\n\t<path class=\"elementor-shape-fill\" d=\"M615.2,96.7C240.2,97.8,0,18.9,0,0v100h1000V0C1000,19.2,989.8,96,615.2,96.7z\"\/>\n<\/svg>\t\t<\/div>\n\t\t\t\t<div class=\"elementor-shape elementor-shape-bottom\" data-negative=\"true\">\n\t\t\t<svg xmlns=\"http:\/\/www.w3.org\/2000\/svg\" viewBox=\"0 0 1000 100\" preserveAspectRatio=\"none\">\n\t<path class=\"elementor-shape-fill\" d=\"M615.2,96.7C240.2,97.8,0,18.9,0,0v100h1000V0C1000,19.2,989.8,96,615.2,96.7z\"\/>\n<\/svg>\t\t<\/div>\n\t\t\t\t<div class=\"elementor-element elementor-element-6bce1b8 elementor-widget elementor-widget-spacer\" data-id=\"6bce1b8\" data-element_type=\"widget\" data-widget_type=\"spacer.default\">\n\t\t\t\t<div class=\"elementor-widget-container\">\n\t\t\t\t\t<div class=\"elementor-spacer\">\n\t\t\t<div class=\"elementor-spacer-inner\"><\/div>\n\t\t<\/div>\n\t\t\t\t<\/div>\n\t\t\t\t<\/div>\n\t\t\t\t<div class=\"elementor-element elementor-element-d8c506c elementor-widget elementor-widget-heading\" data-id=\"d8c506c\" data-element_type=\"widget\" data-widget_type=\"heading.default\">\n\t\t\t\t<div class=\"elementor-widget-container\">\n\t\t\t<h2 class=\"elementor-heading-title elementor-size-default\">PROCHAINES DATES<\/h2>\t\t<\/div>\n\t\t\t\t<\/div>\n\t\t\t\t<div class=\"elementor-element elementor-element-8e397e7 elementor-widget-divider--view-line elementor-widget elementor-widget-divider\" data-id=\"8e397e7\" data-element_type=\"widget\" data-widget_type=\"divider.default\">\n\t\t\t\t<div class=\"elementor-widget-container\">\n\t\t\t<style>\/*! elementor - v3.20.0 - 11-03-2024 *\/\n.elementor-widget-divider{--divider-border-style:none;--divider-border-width:1px;--divider-color:#0c0d0e;--divider-icon-size:20px;--divider-element-spacing:10px;--divider-pattern-height:24px;--divider-pattern-size:20px;--divider-pattern-url:none;--divider-pattern-repeat:repeat-x}.elementor-widget-divider .elementor-divider{display:flex}.elementor-widget-divider .elementor-divider__text{font-size:15px;line-height:1;max-width:95%}.elementor-widget-divider .elementor-divider__element{margin:0 var(--divider-element-spacing);flex-shrink:0}.elementor-widget-divider .elementor-icon{font-size:var(--divider-icon-size)}.elementor-widget-divider .elementor-divider-separator{display:flex;margin:0;direction:ltr}.elementor-widget-divider--view-line_icon .elementor-divider-separator,.elementor-widget-divider--view-line_text .elementor-divider-separator{align-items:center}.elementor-widget-divider--view-line_icon .elementor-divider-separator:after,.elementor-widget-divider--view-line_icon .elementor-divider-separator:before,.elementor-widget-divider--view-line_text .elementor-divider-separator:after,.elementor-widget-divider--view-line_text .elementor-divider-separator:before{display:block;content:\"\";border-block-end:0;flex-grow:1;border-block-start:var(--divider-border-width) var(--divider-border-style) var(--divider-color)}.elementor-widget-divider--element-align-left .elementor-divider .elementor-divider-separator>.elementor-divider__svg:first-of-type{flex-grow:0;flex-shrink:100}.elementor-widget-divider--element-align-left .elementor-divider-separator:before{content:none}.elementor-widget-divider--element-align-left .elementor-divider__element{margin-left:0}.elementor-widget-divider--element-align-right .elementor-divider .elementor-divider-separator>.elementor-divider__svg:last-of-type{flex-grow:0;flex-shrink:100}.elementor-widget-divider--element-align-right .elementor-divider-separator:after{content:none}.elementor-widget-divider--element-align-right .elementor-divider__element{margin-right:0}.elementor-widget-divider--element-align-start .elementor-divider .elementor-divider-separator>.elementor-divider__svg:first-of-type{flex-grow:0;flex-shrink:100}.elementor-widget-divider--element-align-start .elementor-divider-separator:before{content:none}.elementor-widget-divider--element-align-start .elementor-divider__element{margin-inline-start:0}.elementor-widget-divider--element-align-end .elementor-divider .elementor-divider-separator>.elementor-divider__svg:last-of-type{flex-grow:0;flex-shrink:100}.elementor-widget-divider--element-align-end .elementor-divider-separator:after{content:none}.elementor-widget-divider--element-align-end .elementor-divider__element{margin-inline-end:0}.elementor-widget-divider:not(.elementor-widget-divider--view-line_text):not(.elementor-widget-divider--view-line_icon) .elementor-divider-separator{border-block-start:var(--divider-border-width) var(--divider-border-style) var(--divider-color)}.elementor-widget-divider--separator-type-pattern{--divider-border-style:none}.elementor-widget-divider--separator-type-pattern.elementor-widget-divider--view-line .elementor-divider-separator,.elementor-widget-divider--separator-type-pattern:not(.elementor-widget-divider--view-line) .elementor-divider-separator:after,.elementor-widget-divider--separator-type-pattern:not(.elementor-widget-divider--view-line) .elementor-divider-separator:before,.elementor-widget-divider--separator-type-pattern:not([class*=elementor-widget-divider--view]) .elementor-divider-separator{width:100%;min-height:var(--divider-pattern-height);-webkit-mask-size:var(--divider-pattern-size) 100%;mask-size:var(--divider-pattern-size) 100%;-webkit-mask-repeat:var(--divider-pattern-repeat);mask-repeat:var(--divider-pattern-repeat);background-color:var(--divider-color);-webkit-mask-image:var(--divider-pattern-url);mask-image:var(--divider-pattern-url)}.elementor-widget-divider--no-spacing{--divider-pattern-size:auto}.elementor-widget-divider--bg-round{--divider-pattern-repeat:round}.rtl .elementor-widget-divider .elementor-divider__text{direction:rtl}.e-con-inner>.elementor-widget-divider,.e-con>.elementor-widget-divider{width:var(--container-widget-width,100%);--flex-grow:var(--container-widget-flex-grow)}<\/style>\t\t<div class=\"elementor-divider\">\n\t\t\t<span class=\"elementor-divider-separator\">\n\t\t\t\t\t\t<\/span>\n\t\t<\/div>\n\t\t\t\t<\/div>\n\t\t\t\t<\/div>\n\t\t\t\t<div class=\"elementor-element elementor-element-778c2e8 elementor-widget elementor-widget-heading\" data-id=\"778c2e8\" data-element_type=\"widget\" data-widget_type=\"heading.default\">\n\t\t\t\t<div class=\"elementor-widget-container\">\n\t\t\t<h2 class=\"elementor-heading-title elementor-size-default\"><a href=\"https:\/\/molenbeekforbrussels2030.eu\/fr\/un-nouveau-depart-pour-bruxelles-et-brussels2030-rejoignons-la-sadaka-tea-et-partageons-le-the-le-21-mars-sur-la-place-de-la-bourse\/\">SADAKA TEA \n<strong style=\"font-style: normal; font-variant-caps: normal; text-align: start; white-space: normal; box-sizing: inherit; caret-color: rgb(9, 61, 66); color: rgb(9, 61, 66); font-family: Roboto, sans-serif; font-size: 20px;\">Samedi 21 mars 2026 \u2013 17h30 \u2013 Place de la Bourse<\/strong><\/a><\/h2>\t\t<\/div>\n\t\t\t\t<\/div>\n\t\t\t\t<div class=\"elementor-element elementor-element-4faac2e elementor-align-center elementor-widget elementor-widget-button\" data-id=\"4faac2e\" data-element_type=\"widget\" data-widget_type=\"button.default\">\n\t\t\t\t<div class=\"elementor-widget-container\">\n\t\t\t\t\t<div class=\"elementor-button-wrapper\">\n\t\t\t<a class=\"elementor-button elementor-button-link elementor-size-md\" href=\"https:\/\/molenbeekforbrussels2030.eu\/fr\/un-nouveau-depart-pour-bruxelles-et-brussels2030-rejoignons-la-sadaka-tea-et-partageons-le-the-le-21-mars-sur-la-place-de-la-bourse\/\">\n\t\t\t\t\t\t<span class=\"elementor-button-content-wrapper\">\n\t\t\t\t\t\t<span class=\"elementor-button-text\">Cliquez ici<\/span>\n\t\t<\/span>\n\t\t\t\t\t<\/a>\n\t\t<\/div>\n\t\t\t\t<\/div>\n\t\t\t\t<\/div>\n\t\t\t\t<div class=\"elementor-element elementor-element-853fcf7 elementor-widget-divider--view-line elementor-widget elementor-widget-divider\" data-id=\"853fcf7\" data-element_type=\"widget\" data-widget_type=\"divider.default\">\n\t\t\t\t<div class=\"elementor-widget-container\">\n\t\t\t\t\t<div class=\"elementor-divider\">\n\t\t\t<span class=\"elementor-divider-separator\">\n\t\t\t\t\t\t<\/span>\n\t\t<\/div>\n\t\t\t\t<\/div>\n\t\t\t\t<\/div>\n\t\t\t\t<div class=\"elementor-element elementor-element-7dc1256 elementor-widget elementor-widget-spacer\" data-id=\"7dc1256\" data-element_type=\"widget\" data-widget_type=\"spacer.default\">\n\t\t\t\t<div class=\"elementor-widget-container\">\n\t\t\t\t\t<div class=\"elementor-spacer\">\n\t\t\t<div class=\"elementor-spacer-inner\"><\/div>\n\t\t<\/div>\n\t\t\t\t<\/div>\n\t\t\t\t<\/div>\n\t\t\t\t\t<\/div>\n\t\t\t\t<\/div>\n\t\t<div class=\"elementor-element elementor-element-46973ff e-flex e-con-boxed e-con e-parent\" data-id=\"46973ff\" data-element_type=\"container\" data-settings=\"{&quot;background_background&quot;:&quot;gradient&quot;}\" data-core-v316-plus=\"true\">\n\t\t\t\t\t<div class=\"e-con-inner\">\n\t\t\t\t<div class=\"elementor-element elementor-element-9c4870c elementor-widget elementor-widget-heading\" data-id=\"9c4870c\" data-element_type=\"widget\" data-widget_type=\"heading.default\">\n\t\t\t\t<div class=\"elementor-widget-container\">\n\t\t\t<h2 class=\"elementor-heading-title elementor-size-default\">2026<\/h2>\t\t<\/div>\n\t\t\t\t<\/div>\n\t\t\t\t<div class=\"elementor-element elementor-element-51d3f70 elementor-widget elementor-widget-text-editor\" data-id=\"51d3f70\" data-element_type=\"widget\" data-widget_type=\"text-editor.default\">\n\t\t\t\t<div class=\"elementor-widget-container\">\n\t\t\t<style>\/*! elementor - v3.20.0 - 11-03-2024 *\/\n.elementor-widget-text-editor.elementor-drop-cap-view-stacked .elementor-drop-cap{background-color:#69727d;color:#fff}.elementor-widget-text-editor.elementor-drop-cap-view-framed .elementor-drop-cap{color:#69727d;border:3px solid;background-color:transparent}.elementor-widget-text-editor:not(.elementor-drop-cap-view-default) .elementor-drop-cap{margin-top:8px}.elementor-widget-text-editor:not(.elementor-drop-cap-view-default) .elementor-drop-cap-letter{width:1em;height:1em}.elementor-widget-text-editor .elementor-drop-cap{float:left;text-align:center;line-height:1;font-size:50px}.elementor-widget-text-editor .elementor-drop-cap-letter{display:inline-block}<\/style>\t\t\t\t<p>08\/10\/2026 :<strong>BACK TO KIDAL<\/strong>, Den Haag (NL)<\/p><p>06\/10\/2026 :<strong>BACK TO KIDAL<\/strong>, Rotterdam (NL)<\/p><p>03\/10\/2026 :<strong>BACK TO KIDAL<\/strong>, Leeuwarden (NL)<\/p><p>01\/10\/2026 :<strong>BACK TO KIDAL<\/strong>, Charleroi Danse (BE)<\/p><p>26\/09\/2026 :<strong>BACK TO KIDAL<\/strong>, DeSingel &#8211; Antwerp (BE)<\/p><p>25\/09\/2026 :<strong>BACK TO KIDAL<\/strong>, DeSingel &#8211; Antwerp (BE)<\/p><p>6\/09\/2026 :<strong>BACK TO KIDAL<\/strong>, Ruhrtrienale (DE)<\/p><p>5\/09\/2026 :<strong>BACK TO KIDAL<\/strong>, Ruhrtrienale (DE)<\/p><p>6\/07\/2026 :<strong>BACK TO KIDAL<\/strong>, Julidans Amsterdam (NL)<\/p><p>5\/07\/2026 :<strong>BACK TO KIDAL<\/strong>, Julidans Amsterdam (NL)<\/p><p>3\/07\/2026 : <strong>TOLON K\u00c8<\/strong>, Plaigne (FR)<\/p><p>2\/07\/2026 : <strong>BACK TO KIDAL<\/strong>, Montpellier Danse (FR)<\/p><p>1\/07\/2026 : <strong>BACK TO KIDAL<\/strong>, Montpellier Danse (FR)<\/p><p>02\/04\/2026 : <strong>BALAU<\/strong> &#8211; Muenchner-Kammerspiele (DE)<\/p><p>31\/03\/2026 : <strong>BALAU<\/strong> &#8211; Muenchner-Kammerspiele (DE)<\/p><p>21\/03\/2026 : <strong>TOLON K\u00c8<\/strong> &#8211; Sadaka Tea &#8211; Place de la Bourse (BE)<\/p><p>15\/03\/2026 : <strong>BALAU<\/strong> &#8211; Muenchner-Kammerspiele (DE)<\/p><p>13\/03\/2026 : <strong>BALAU<\/strong> &#8211; Muenchner-Kammerspiele\u00a0(DE)<\/p><p>11\/03\/2026 : <strong>BALAU<\/strong> &#8211; Muenchner-Kammerspiele (DE)<\/p>\t\t\t\t\t\t<\/div>\n\t\t\t\t<\/div>\n\t\t\t\t<div class=\"elementor-element elementor-element-27069d3 elementor-widget elementor-widget-heading\" data-id=\"27069d3\" data-element_type=\"widget\" data-widget_type=\"heading.default\">\n\t\t\t\t<div class=\"elementor-widget-container\">\n\t\t\t<h2 class=\"elementor-heading-title elementor-size-default\">2025<\/h2>\t\t<\/div>\n\t\t\t\t<\/div>\n\t\t\t\t<div class=\"elementor-element elementor-element-cd2d613 elementor-widget elementor-widget-text-editor\" data-id=\"cd2d613\" data-element_type=\"widget\" data-widget_type=\"text-editor.default\">\n\t\t\t\t<div class=\"elementor-widget-container\">\n\t\t\t\t\t\t\t<p>12\/10\/2025 : Tolon K\u00e8, Tunis (TN)<\/p><p>11\/10\/2025 : Tolon K\u00e8, Tunis (TN)<\/p><p>10\/10\/2025 : Tolon K\u00e8, Tunis (TN)<\/p><p>09\/10\/2025 : Tolon K\u00e8, Tunis (TN)<\/p><p>29\/09\/2025 : I DiD It My Way, Opernhaus, Stuttgart (DE)<\/p><p>28\/09\/2025 : I DiD It My Way, Opernhaus, Stuttgart (DE)<\/p><p>27\/09\/2025 : Tolon K\u00e8, Milan (IT)<\/p><p>27\/09\/2025 : I DiD It My Way, Opernhaus, Stuttgart (DE)<\/p><p>26\/09\/2025 : I DiD It My Way, Opernhaus, Stuttgart\u00a0(DE)<\/p><p>06\/09\/2025 : Few days before Tomorrow , Molenfest , Bruxelles\u00a0 (BE)<\/p><p>05\/09\/2025 : Few days before Tomorrow , Molenfest , Bruxelles\u00a0 (BE)<\/p><p>04\/09\/2025 : Few days before Tomorrow , Molenfest , Bruxelles\u00a0 (BE)<\/p><p>03\/09\/2025 : Few days before Tomorrow , Molenfest , Bruxelles\u00a0 (BE)<\/p><p>31\/08\/2025 : I DiD It My Way, Ruhrtriennale, Bochum (DE)<\/p><p>30\/08\/2025 : I DiD It My Way, Ruhrtriennale, Bochum (DE)<\/p><p>28\/08\/2025 : I DiD It My Way, Ruhrtriennale, Bochum (DE)<\/p><p>27\/08\/2025 : I DiD It My Way, Ruhrtriennale, Bochum (DE)<\/p><p>26\/08\/2025 : I DiD It My Way, Ruhrtriennale, Bochum (DE)<\/p><p>24\/08\/2025 : I DiD It My Way, Ruhrtriennale, Bochum (DE)<\/p><p>23\/08\/2025 : I DiD It My Way, Ruhrtriennale, Bochum (DE)<\/p><p>22\/08\/2025 : I DiD It My Way, Ruhrtriennale, Bochum (DE)<\/p><p>21\/08\/2025 : I DiD It My Way, Ruhrtriennale, Bochum (DE)<\/p><p>11\/08\/2025 : Tolon K\u00e8, Festival Sziget, Budapest (HU)<\/p><p>10\/08\/2025 : Tolon K\u00e8, Festival Sziget, Budapest (HU)<\/p><p>08\/06\/2025 : <a href=\"https:\/\/fransbrood.com\/producties\/africa-simply-the-best\/\">Africa Simply The Best<\/a>, Klagenfurt (AT)<\/p><p>07\/06\/2025 : <a href=\"https:\/\/fransbrood.com\/producties\/africa-simply-the-best\/\">Africa Simply The Best<\/a>, Klagenfurt (AT)<\/p><p>05\/06\/2025 : C la vie, FTA, Montreal (CA)<\/p><p>04\/06\/2025 : C la vie, FTA, Montreal (CA)<\/p><p>01\/06\/2025 : Tolon K\u00e8, FTA, Montreal (CA)<\/p><p>31\/05\/2025 : Tolon K\u00e8, FTA, Montreal (CA)<\/p><p>31\/05\/2024 : <a href=\"https:\/\/fransbrood.com\/producties\/africa-simply-the-best\/\">Africa Simply The Best<\/a>, M\u00fcncher Kammerspiele, M\u00fcnchen (DE)<\/p><p>30\/05\/2024 : <a href=\"https:\/\/fransbrood.com\/producties\/africa-simply-the-best\/\">Africa Simply The Best<\/a>, M\u00fcncher Kammerspiele, M\u00fcnchen (DE)<\/p><p>24\/05\/2025 : <a href=\"https:\/\/fransbrood.com\/producties\/africa-simply-the-best\/\">Africa Simply The Best<\/a>, <a href=\"https:\/\/theatres.lu\/\" target=\"_blank\" rel=\"noopener\">Les Th\u00e9\u00e2tres de la Ville de Luxembourg<\/a>, Luxembourg (LX)<\/p><p>23\/05\/2025 : <a href=\"https:\/\/fransbrood.com\/producties\/africa-simply-the-best\/\">Africa Simply The Best<\/a>, <a href=\"https:\/\/theatres.lu\/\" target=\"_blank\" rel=\"noopener\">Les Th\u00e9\u00e2tres de la Ville de Luxembourg<\/a>, Luxembourg (LX)<\/p><p>18\/05\/2025 : <a href=\"https:\/\/fransbrood.com\/producties\/africa-simply-the-best\/\">Africa Simply The Best<\/a>, Leeuwarden (NL)<\/p><p>02\/05\/2025 : C la vie, <a href=\"https:\/\/nac-cna.ca\/en\/\" target=\"_blank\" rel=\"noopener\">National Arts Centre<\/a>, Ottawa (CA)<\/p><p>01\/05\/2025 : C la vie <a href=\"https:\/\/nac-cna.ca\/en\/\" target=\"_blank\" rel=\"noopener\">National Arts Centre<\/a>, <a href=\"https:\/\/nac-cna.ca\/en\/\" target=\"_blank\" rel=\"noopener\">National Arts Centre<\/a>, Ottawa (CA)<\/p><p>29\/03\/2025 : Balau, M\u00fcncher Kammerspiele, M\u00fcnchen (DE)<\/p><p>28\/03\/2025 : Balau, M\u00fcncher Kammerspiele, M\u00fcnchen (DE)<\/p><p>22\/03\/2025 : Balau, M\u00fcncher Kammerspiele, M\u00fcnchen (DE)<\/p><p>20\/03\/2025 : Balau, M\u00fcncher Kammerspiele, M\u00fcnchen (DE)<\/p><p>21\/02\/2025 : Balau, M\u00fcncher Kammerspiele, M\u00fcnchen (DE)<\/p><p>20\/02\/2025 : Balau, M\u00fcncher Kammerspiele, M\u00fcnchen (DE)<\/p><p>15\/02\/2025 : C la vie, Festspielhaus, Sankt-P\u00f6lten (AT)<\/p><p>12\/02\/2025 : C la vie, Buhnen Kolne, Koln (DE)<\/p><p>11\/02\/2025 : C la vie, Buhnen Kolne, Koln (DE)<\/p><p>08\/02\/2025 : Nuit Blance \u00e0 Ouagadougou, Goethe Institut , Ouagadougou\u00a0 (BFA)<\/p>\t\t\t\t\t\t<\/div>\n\t\t\t\t<\/div>\n\t\t\t\t<div class=\"elementor-element elementor-element-18c5f56 elementor-widget-divider--view-line elementor-widget elementor-widget-divider\" data-id=\"18c5f56\" data-element_type=\"widget\" data-widget_type=\"divider.default\">\n\t\t\t\t<div class=\"elementor-widget-container\">\n\t\t\t\t\t<div class=\"elementor-divider\">\n\t\t\t<span class=\"elementor-divider-separator\">\n\t\t\t\t\t\t<\/span>\n\t\t<\/div>\n\t\t\t\t<\/div>\n\t\t\t\t<\/div>\n\t\t\t\t<div class=\"elementor-element elementor-element-3d93729 elementor-widget elementor-widget-heading\" data-id=\"3d93729\" data-element_type=\"widget\" data-widget_type=\"heading.default\">\n\t\t\t\t<div class=\"elementor-widget-container\">\n\t\t\t<h2 class=\"elementor-heading-title elementor-size-default\">2024<\/h2>\t\t<\/div>\n\t\t\t\t<\/div>\n\t\t\t\t<div class=\"elementor-element elementor-element-f4b837f elementor-widget elementor-widget-text-editor\" data-id=\"f4b837f\" data-element_type=\"widget\" data-widget_type=\"text-editor.default\">\n\t\t\t\t<div class=\"elementor-widget-container\">\n\t\t\t\t\t\t\t<p>02\/11\/2024 : C la vie, Ankata, Bobo Dioulasso (BFA)<\/p><p>01\/11\/2024 : C la vie, Ankata, Bobo Dioulasso (BFA)<\/p><p>29\/10\/2024 : C la vie, Les R\u00e9cr\u00e9\u00e2trales, Ouagadougou (BFA)<\/p><p>28\/10\/2024 : C la vie, Les R\u00e9cr\u00e9\u00e2trales, Ouagadougou (BFA)<\/p><p>27\/10\/2024 : C la vie, Les R\u00e9cr\u00e9\u00e2trales, Ouagadougou (BFA)<\/p><p>26\/10\/2024 : C la vie, Les R\u00e9cr\u00e9\u00e2trales, Ouagadougou (BFA)<\/p><p>19\/10\/2024 : C la vie, De Singel, Anvers (BE)<\/p><p>18\/10\/2024 : C la vie, De Singel, Anvers (BE)<\/p><p>16\/10\/2024 : C la vie, Theater Rotterdam, Rotterdam (NL)<\/p><p>10\/10\/2024 : C la vie, Amare, Den Haag (NL)<\/p><p>05\/10\/2024 : C la vie, Malraux &#8211; Sc\u00e8ne nationale Chamb\u00e9ry, Chambery (FR)<\/p><p>04\/10\/2024 : C la vie, Malraux &#8211; Sc\u00e8ne nationale Chamb\u00e9ry, Chambery (FR)<\/p><p>03\/10\/2024 : C la vie, Malraux &#8211; Sc\u00e8ne nationale Chamb\u00e9ry, Chambery (FR)<\/p><p>01\/10\/2024 : C la vie, Stadsschouwburg, Utrecht (NL)<\/p><p>19\/09\/2024 : C la vie, Teatro Aveirense, Aveiro (PT)<\/p><p>01\/09\/2024 : C la vie, Rencontres, Tournai (BE)<\/p><p>29\/08\/2024 : C la vie, <a href=\"https:\/\/www.gdtf.se\/en\/\">G\u00f6teborgs dans- och teaterfestival<\/a>, Goteborg (SE)<\/p><p>13\/06\/2024 : C la vie, Athens and Epidaurus Festival, Athens (GR)<\/p><p>12\/06\/2024 : C la vie, Athens and Epidaurus Festival, Athens (GR)<\/p><p>14\/05\/2024 : C la vie, La rampe la ponati\u00e8re, \u00c9chirolles (FR)<\/p><p>23\/02\/2024 : C la vie, KVS, Brussels (BE)<\/p><p>22\/02\/2024 : C la vie, KVS, Brussels (BE)<\/p><p>21\/02\/2024 : C la vie, KVS, Brussels (BE)<\/p><p>20\/02\/2024 : C la vie, KVS, Brussels (BE)<\/p><p>16\/02\/2024 : C la vie, MA Sc\u00e8ne Nationale, Montbelliard (FR)<\/p><p>14\/02\/2024 : C la vie, M\u00fcncher Kammerspiele, M\u00fcnchen (DE)\u00a0<\/p><p>13\/02\/2024 : C la vie, M\u00fcncher Kammerspiele, M\u00fcnchen (DE)<\/p>\t\t\t\t\t\t<\/div>\n\t\t\t\t<\/div>\n\t\t\t\t<div class=\"elementor-element elementor-element-907b4c9 elementor-widget elementor-widget-heading\" data-id=\"907b4c9\" data-element_type=\"widget\" data-widget_type=\"heading.default\">\n\t\t\t\t<div class=\"elementor-widget-container\">\n\t\t\t<h2 class=\"elementor-heading-title elementor-size-default\">2023<\/h2>\t\t<\/div>\n\t\t\t\t<\/div>\n\t\t\t\t<div class=\"elementor-element elementor-element-86b1664 elementor-widget elementor-widget-text-editor\" data-id=\"86b1664\" data-element_type=\"widget\" data-widget_type=\"text-editor.default\">\n\t\t\t\t<div class=\"elementor-widget-container\">\n\t\t\t\t\t\t\t<p><span style=\"font-size: 12px; background-color: transparent;\">24\/11\/2023\u00a0: C la vie,\u00a0<\/span><a style=\"font-size: 12px;\" href=\"https:\/\/theatres.lu\/fr\/clavie\">Les Th\u00e9\u00e2tres de la ville de Luxembourg<\/a><span style=\"font-size: 12px; background-color: transparent;\">, Luxembourg (LU)<\/span><\/p>\n<p>23\/11\/2023\u00a0: C la vie,\u00a0<a href=\"https:\/\/theatres.lu\/fr\/clavie\">Les Th\u00e9\u00e2tres de la ville de Luxembourg<\/a>, Luxembourg (LU)<\/p>\n<p>22\/11\/2023\u00a0: \u00a0Laureates of Africa Simply the Best,\u00a0<a href=\"https:\/\/nextfestival.eu\/fr\/programme?filter%5Bdates%5D=2023-11-22\">Festival Next, Roubaix Lille<\/a>\u00a0(FR)<\/p>\n<p>20\/11\/2023\u00a0: Laureates of Africa Simply the Best, Festival Next,\u00a0<a href=\"https:\/\/www.buda.be\/dag\/?da\">Artscenter Budascoop 2<\/a>, Kortrijk (BE)<\/p>\n<p>16\/11\/2023\u00a0: Laureates of Africa Simply the Best,\u00a0<a href=\"https:\/\/www.theatercasino.ch\/\">Casino Zug<\/a>, Zug (CH)<\/p>\n<p>12\/11\/2023\u00a0: Laureates of Africa Simply the Best,\u00a0<a href=\"https:\/\/www.dansart.de\/\">Dansart Festival<\/a>, Bielefeld (DE)<\/p>\n<p>11\/11\/2023\u00a0: Laureates of Africa Simply the Best,<a href=\"https:\/\/www.dansart.de\/\">Dansart Festival<\/a>, Bielefeld (DE)<\/p>\n<p>04\/11\/2023\u00a0: Laureates of Africa Simply the Best,\u00a0<a href=\"https:\/\/neuestheater.ch\/\">Neues Theater<\/a>, Dornach (CH)<\/p>\n<p>28\/10\/2023\u00a0: Laureates of Africa Simply the Best,\u00a0<a href=\"https:\/\/www.hellerau.org\/\">Hellerau<\/a>, Dresden (DE)<\/p>\n<p>26 \/10\/2023\u00a0: Laureates of Africa Simply the Best,\u00a0<a href=\"https:\/\/www.hellerau.org\/\">Hellerau<\/a>, Dresden (DE)<\/p>\n<p>21\/10\/2023\u00a0: C la vie, Charleroi danse, Charleroi (BE)<\/p>\n<p>14\/10\/2023\u00a0: C la vie<u>,\u00a0<\/u>Romaeuropa, Rome (IT)<\/p>\n<p>13\/10\/2023\u00a0: C la vie<u>,\u00a0<\/u>Romaeuropa, Rome (IT)<\/p>\n<p>10\/10\/2023: Wakatt,\u00a0<a href=\"https:\/\/festival.bitef.rs\/en\">BITEF<\/a>, Belgrade (RS)<\/p>\n<p>06\/10\/2023:\u00a0 Wakatt,\u00a0<a href=\"https:\/\/mess.ba\/\">MESS International Theatre Festival<\/a>, Sarajevo (BA)<\/p>\n<p>01\/10\/2023\u00a0: C la vie,\u00a0<a href=\"https:\/\/culturescapes.ch\/en\">Culturescapes<\/a>, Basel (CH)<\/p>\n<p>22\/09\/2023 : Kalakuta Republik, Institut Fran\u00e7ais de Lom\u00e9, Togo (TGO)<\/p>\n<p>18\/08\/2023\u00a0: C la vie,\u00a0<a href=\"https:\/\/www.tanzimaugust.de\/produktion\/detail\/serge-aime-coulibaly-c-la-vie\">Tanz im August<\/a>, Berlin (DE)<\/p>\n<p>17\/08\/2023\u00a0: C la vie,\u00a0<a href=\"https:\/\/www.tanzimaugust.de\/produktion\/detail\/serge-aime-coulibaly-c-la-vie\">Tanz im August<\/a>, Berlin (DE) WORLD PREMIERE<\/p>\n<p>26\/04\/2023\u00a0: Wakatt,\u00a0<a href=\"https:\/\/www.maillon.eu\/fr\/spectacle\/936\/wakatt\">Le Maillon \u2013 pr\u00e9sent\u00e9 avec P\u00f4le Sud<\/a>, Strasbourg (FR)<\/p>\n<p>25\/04\/2023\u00a0: Wakatt,\u00a0<a href=\"https:\/\/www.maillon.eu\/fr\/spectacle\/936\/wakatt\">Le Maillon \u2013 pr\u00e9sent\u00e9 avec P\u00f4le Sud<\/a>, Strasbourg (FR)<\/p>\n<p>13\/04\/2023\u00a0: Wakatt,\u00a0<a href=\"https:\/\/www.theatredelorient.fr\/fr\">Th\u00e9\u00e2tre de Lorient<\/a>, Lorient (FR)<\/p>\n<p>12\/04\/2023\u00a0: Wakatt,\u00a0<a href=\"https:\/\/www.theatredelorient.fr\/fr\">Th\u00e9\u00e2tre de Lorient<\/a>, Lorient (FR)<\/p>\n<p>06\/04\/2023\u00a0: Wakatt,\u00a0<a href=\"https:\/\/www.theatrejeanvilar.com\/2605-22993\/la-saison\/detail-d-un-spectacle\/fiche\/wakatt.htm\">Th\u00e9\u00e2tre Jean-Vilar<\/a>, Vitry-sur-Seine (FR)<\/p>\n<p>28\/03\/2023 : Kalakuta Republik, IM Pfalzbau, Ludwigshafen (DE)<\/p>\n<p>19\/03\/2023\u00a0: Wakatt, Staatsteater Mainz , \u00a0Mainz (DE)<\/p>\n<p>26\/02\/2023 : Fitry,\u00a0<a href=\"https:\/\/theater.freiburg.de\/de_DE\/home\">Theater Freiburg<\/a>, Freiburg (DE)<\/p>\n<p>16\/02\/2023 : Kalakuta Republik, Institut Fran\u00e7ais de Abidjan, C\u00f4te d\u2019Ivoire (CI)<\/p>\n<p>21\/01\/2023: Wakatt,\u00a0<a href=\"https:\/\/www.festspielhaus.at\/de\/kalender\/wakatt#2022-10-07-19h30\">Festspielhaus Sankt-P\u00f6lten<\/a>,\u00a0 Sankt-P\u00f6lten (AT)<\/p>\n<p>18\/01\/2023: Wakatt,\u00a0<a href=\"https:\/\/www.schouwburgkortrijk.be\/programma\/1692\/Serge_Aime_Coulibaly_Faso_Danse_Theatre\/WAKATT\">Schouwburg Kortrijk<\/a>, Kortrijk (BE)<\/p>\n<p>14\/01\/2023: Wakatt,\u00a0\u00a0<a href=\"https:\/\/www.teatroaveirense.pt\/pt\/programacao\/\">Teatro Aveirense<\/a>\u00a0 Aveiro (PT)<\/p>\n\t\t\t\t\t\t<\/div>\n\t\t\t\t<\/div>\n\t\t\t\t<div class=\"elementor-element elementor-element-32c2764 elementor-widget elementor-widget-heading\" data-id=\"32c2764\" data-element_type=\"widget\" data-widget_type=\"heading.default\">\n\t\t\t\t<div class=\"elementor-widget-container\">\n\t\t\t<h2 class=\"elementor-heading-title elementor-size-default\">2022<\/h2>\t\t<\/div>\n\t\t\t\t<\/div>\n\t\t\t\t<div class=\"elementor-element elementor-element-b4653b1 elementor-widget elementor-widget-text-editor\" data-id=\"b4653b1\" data-element_type=\"widget\" data-widget_type=\"text-editor.default\">\n\t\t\t\t<div class=\"elementor-widget-container\">\n\t\t\t\t\t\t\t<p>8-10\/12\/2022: FITRY,\u00a0<a href=\"https:\/\/www.kampnagel.de\/en\/home\/\">Kampnagel<\/a>, Hamburg (DE)<\/p>\n<p>11-12\/11\/2022:WAKATT,\u00a0<a href=\"https:\/\/nyuskirball.org\/events\/faso-danse-theatre-serge-aime-coulibaly-wakatt\/\">NYU Skirball Center<\/a>, New York (USA)<\/p>\n<p>04-06\/11\/2022: WAKATT,\u00a0<a href=\"https:\/\/www.dansenshus.com\/?utm_source=google&amp;utm_medium=cpc&amp;utm_campaign=773895999&amp;utm_content=40822305495&amp;utm_term=dansens%20hus&amp;utm_source=google-ads&amp;utm_campaign=&amp;utm_agid=40822305495&amp;utm_term=dansens%20hus&amp;creative=188814818344&amp;device=c&amp;placement=&amp;gclid=CjwKCAjwu_mSBhAYEiwA5BBmf0PaufQSX3ErSgD2FnjCeCTdAqmaWrEScnFM-w4DaZQYC2BETlV7GxoCjqgQAvD_BwE\">Danses Hus<\/a>, Oslo (NO)<\/p>\n<p>16\/10\/2022: WAKATT,\u00a0<a href=\"https:\/\/www.cd-cc.si\/\">Cankarjev Dom<\/a>, Ljubljana (SI)<\/p>\n<p>09\/10\/2022: KALAKUTA REPUBLIK,\u00a0<a href=\"https:\/\/philharmoniedeparis.fr\/en\/activity\/spectacle\/24244-serge-aime-coulibaly\">Cit\u00e9 de la Musique \u2013 Philharmonie de Paris<\/a>, Paris (FR)<\/p>\n<p>07\/10\/2022: KALAKUTA REPUBLIK,\u00a0<a href=\"https:\/\/teatrodellatosse.it\/eventi\/kalakuta-republik\/\">Teatro della Tosse<\/a>, Genova (IT)<\/p>\n<p>13-14\/09\/2022: WAKATT,\u00a0<a href=\"https:\/\/www.schauspiel.koeln\/spielplan\/a-z\/wakatt\/\">Schauspiel K\u00f6ln<\/a>, Cologne (DE)<\/p>\n<p>05-14\/08\/2022: FITRY,\u00a0<a href=\"https:\/\/tickets.edfringe.com\/whats-on\/fitry\">Fringe<\/a>\u00a0Edinburgh (UK)<\/p>\n<p>08-09\/07\/2022: WAKATT,\u00a0<a href=\"https:\/\/www.hellerau.org\/de\/event\/wakatt\/\">Hellerau<\/a>, Dresden (DE)<\/p>\n<p>10-11\/06\/2022: KALAKUTA REPUBLIK,\u00a0<a href=\"https:\/\/www.nona.be\/nl\/festival\/broek-2022\">Broek2022<\/a>, Mechelen (BE)<\/p>\n<p>08-09\/10\/2022: WAKATT,\u00a0<a href=\"https:\/\/teatromadrid.com\/espectaculo\/faso-danse-theatre-serge-aime-coulibaly-magic-malik-wakatt\/media\">Teatro Madrid<\/a>\u00a0(ES)<\/p>\n<p>02-03\/06\/2022: KIRINA,\u00a0<a href=\"https:\/\/newseason.theatres.lu\/\">Les Th\u00e9\u00e2tres de la Ville de Luxembourg<\/a>\u00a0(LU)<\/p>\n<p>20\/05\/2022: WAKATT,\u00a0<a href=\"https:\/\/www.citemusicale-metz.fr\/\">Cit\u00e9 Musicale Metz<\/a>\u00a0(FR)<\/p>\n<p>14-15\/05\/2022: WAKATT,\u00a0<a href=\"https:\/\/www.piccoloteatro.org\/it\/\">Piccolo Teatro Strehler<\/a>, Milano (IT)<\/p>\n<p>10\/05\/2022: WAKATT,\u00a0<a href=\"https:\/\/www.stuk.be\/nl\">\u2018t STUK<\/a>, Leuven (BE)<\/p>\n<p>01\/04\/2022 WAKATT,\u00a0<a href=\"https:\/\/www.lemanege.com\/\">Le Man\u00e8ge<\/a>, Maubeuge (FR)<\/p>\n<p>29\/03\/2022: WAKATT,<a href=\"http:\/\/www.letangram.com\/\">Le Tangram<\/a>, Evreux (FR)<\/p>\n<p>25\/03\/2022: WAKATT,\u00a0<a href=\"https:\/\/www.scenenationale-essonne.com\/\">Sc\u00e8ne National de L\u2019Essonne<\/a>, Evry (FR)<\/p>\n<p>17-19\/03\/2022: Africa, Simply The Best,\u00a0<a href=\"https:\/\/www.theatrenational.be\/nl\/\">Th\u00e9\u00e2tre National<\/a>, Brussel (BE)<\/p>\n<p>15\/03\/2022: WAKATT,\u00a0<a href=\"https:\/\/www.plt.nl\/\">Parkstad Limburg Theaters<\/a>, Heerlen (NL)<\/p>\n<p>12\/03\/2022: WAKATT,\u00a0<a href=\"https:\/\/www.amare.nl\/nl\/agenda\/261\/Faso_Danse_Theatre_Serge_Aime_Coulibaly_Munchner_Kammerspiele\/WAKATT\">Amare<\/a>, Den Haag (NL)<\/p>\n<p>10\/03\/2022: WAKATT,\u00a0<a href=\"https:\/\/www.chasse.nl\/programma\/3940\/Faso_Danse_Theatre_Serge_Aime_Coulibaly\/Wakatt\">Chass\u00e9 Theater<\/a><a href=\"https:\/\/www.chasse.nl\/\">,<\/a>\u00a0Breda (NL)<\/p>\n<p>08\/03\/2022: WAKATT,\u00a0<a href=\"https:\/\/stadsschouwburg-utrecht.nl\/\">Stadsschouwburg Utrecht<\/a>\u00a0(NL)<\/p>\n<p>06\/03\/2022: WAKATT,\u00a0<a href=\"https:\/\/ita.nl\/nl\/\">Internationaal Theater Amsterdam<\/a><\/p>\n<p>04\/03\/2022: WAKATT,\u00a0<a href=\"https:\/\/www.theaterrotterdam.nl\/\">Theater Rotterdam<\/a>\u00a0(NL)<\/p>\n\t\t\t\t\t\t<\/div>\n\t\t\t\t<\/div>\n\t\t\t\t<div class=\"elementor-element elementor-element-5fa6deb elementor-widget elementor-widget-spacer\" data-id=\"5fa6deb\" data-element_type=\"widget\" data-widget_type=\"spacer.default\">\n\t\t\t\t<div class=\"elementor-widget-container\">\n\t\t\t\t\t<div class=\"elementor-spacer\">\n\t\t\t<div class=\"elementor-spacer-inner\"><\/div>\n\t\t<\/div>\n\t\t\t\t<\/div>\n\t\t\t\t<\/div>\n\t\t\t\t<div class=\"elementor-element elementor-element-1c69502 elementor-widget elementor-widget-heading\" data-id=\"1c69502\" data-element_type=\"widget\" data-widget_type=\"heading.default\">\n\t\t\t\t<div class=\"elementor-widget-container\">\n\t\t\t<h2 class=\"elementor-heading-title elementor-size-default\">2021<\/h2>\t\t<\/div>\n\t\t\t\t<\/div>\n\t\t\t\t<div class=\"elementor-element elementor-element-1ec123e elementor-widget elementor-widget-text-editor\" data-id=\"1ec123e\" data-element_type=\"widget\" data-widget_type=\"text-editor.default\">\n\t\t\t\t<div class=\"elementor-widget-container\">\n\t\t\t\t\t\t\t<p>5-7\/11: FITRY,\u00a0<a href=\"https:\/\/www.dansenshus.com\/\">Dansens Hus<\/a>, Olso (NO) \u2013 CANCELLED (Covid-19)<\/p>\n<p>15\/10: FITRY,\u00a0<a href=\"https:\/\/www.wbtd.be\/wbtd-actuevent\/actualite\/news\/selection-objectifs-danse-10\/\">Objectifs Danse 10<\/a>, Bruxelles (BE)<\/p>\n<p>29\/30-09: WAKATT,\u00a0<a href=\"http:\/\/aefestival.gr\/festival_events\/wakatt\/?lang=en\">Athens Epidaurus Festival<\/a>, Athene (GR)<\/p>\n<p>22\/25-09: WAKATT,\u00a0<a href=\"https:\/\/www.kampnagel.de\/de\/programm\/wakatt\/\">Kampnagel<\/a>, Hamburg (DE)<\/p>\n<p>22\/23-07: WAKATT,\u00a0<a href=\"https:\/\/www.barcelona.cat\/grec\/es\/espectaculos\/faso-danse-theatre-serge-aime-coulibaly\">Grec Festival de Barcelona<\/a>, Barcelona (ES)<\/p>\n<p>21-08: FITRY, Th\u00e9\u00e2tre National, Marche-en-Famenne (BE)<\/p>\n<p>07\/08-07: WAKATT,\u00a0<a href=\"https:\/\/theatres.lu\/\">Les Th\u00e9\u00e2tres de la Ville de Luxembourg<\/a>, Luxembourg (LU)<\/p>\n<p>17-06: FITRY,\u00a0<a href=\"https:\/\/www.studiotanca.sk\/\">International Dance Festival Dni Tanca<\/a>, Banska Bystrica (SK)<\/p>\n<p>10\/11-06: WAKATT,\u00a0<a href=\"https:\/\/www.labiennaledelyon.com\/\">La Biennale de la Danse<\/a>, Lyon (FR)<\/p>\n<p>13\/14-05: FITRY,\u00a0<a href=\"https:\/\/www.dance-muenchen.de\/en\/node\/94\">Dance 21 M\u00fcnchen<\/a>\u00a0(DE) \u00a0Online Stream<\/p>\n<p>13\/14-05: WAKATT, Da<a href=\"https:\/\/www.dance-muenchen.de\/en\/node\/94\">nce 21 M\u00fcnchen<\/a>\u00a0(DE) \u2013 CANCELLED (Covid-19)<\/p>\n<p>30-04: Africa, Simply The Best,\u00a0<a href=\"https:\/\/dekruisboog.tienen.be\/\">CC De Kruisboog<\/a>\u00a0(BE) \u2013 CANCELLED (Covid-19)<\/p>\n<p>21-04: Africa, Simply The Best,\u00a0<a href=\"https:\/\/ccmaasmechelen.be\/\">CC Maasmechelen<\/a>\u00a0(BE) \u2013\u00a0CANCELLED (Covid-19)<\/p>\n<p>09-04:WAKATT,\u00a0<a href=\"https:\/\/www.festspielhaus.at\/de\">Festspielhaus St.P\u00f6lten<\/a>, St.P\u00f6lten (AT) \u2013 CANCELLED (Covid-19)<\/p>\n<p>02\/03-04: WAKATT,\u00a0<a href=\"https:\/\/nyuskirball.org\/\">NYU Skirball<\/a>, New York (USA) \u2013 CANCELLED (Covid-19)<\/p>\n<p>27-03: WAKATT,\u00a0<a href=\"https:\/\/emiliaromagnateatro.com\/\">Emilia Romagna Teatro<\/a>, Bologna (IT) \u2013 CANCELLED (Covid-19)<\/p>\n<p>23-03: KALAKUTA REPUBLIK,\u00a0<a href=\"https:\/\/www.theatre-corbeil-essonnes.fr\/\">Th\u00e9\u00e2tre de Corbeil-Essonnes<\/a>, Corbeil (FR) \u2013 CANCELLED (Covid-19)<\/p>\n<p>20-03: FITRY,\u00a0<a href=\"https:\/\/www.theatrenational.be\/fr\/\">Th\u00e9\u00e2tre National Wallonie-Bruxelles<\/a>\u00a0(BE) \u2013 CANCELLED (Covid-19)<\/p>\n<p>17-03: WAKATT,\u00a0<a href=\"https:\/\/www.chasse.nl\/\">Chass\u00e9 Theater,<\/a>\u00a0Utrecht (NL) \u2013 CANCELLED (Covid-19)<\/p>\n<p>16\/20-03: Africa, Simply The Best,\u00a0<a href=\"https:\/\/www.theatrenational.be\/nl\/\">Th\u00e9\u00e2tre<\/a><a href=\"https:\/\/www.theatrenational.be\/fr\/\">National Wallonie-Bruxelles<\/a>(BE) \u2013 CANCELLED (Covid-19)<\/p>\n<p>15-03: WAKATT,\u00a0<a href=\"https:\/\/www.plt.nl\/\">Parkstad Limburg Theaters<\/a>, Heerlen (NL) \u2013 CANCELLED (Covid-19)<\/p>\n<p>14-03: WAKATT,\u00a0<a href=\"https:\/\/ita.nl\/nl\/\">Internationaal Theater Amsterdam<\/a>\u00a0(NL) \u2013 CANCELLED (Covid-19)<\/p>\n<p>12-03: Fitry,\u00a0<a href=\"http:\/\/www.cdc-latermitiere.com\/\">CDC La Termiti\u00e8re<\/a>, Ouagadougou (BF)<\/p>\n<p>11-03: WAKATT,\u00a0<a href=\"https:\/\/www.theaterrotterdam.nl\/\">Theater Rotterdam<\/a>\u00a0(NL) \u2013 CANCELLED (Covid-19)<\/p>\n<p>10-03: WAKATT,\u00a0<a href=\"https:\/\/www.zuiderstrandtheater.nl\/\">Zuiderstrand Theater<\/a>, Den Haag (NL) \u2013 CANCELLED (Covid-19)<\/p>\n<p>09-03: Fitry,\u00a0<a href=\"http:\/\/www.ankata.org\/\">Grand Studio d\u2019Ankata<\/a>, Bobo-Dioulasso (BF)<\/p>\n<p>17\/20-02: WAKATT,\u00a0<a href=\"https:\/\/www.kampnagel.de\/\">Kampnagel<\/a>, Hamburg (DE) \u2013 CANCELLED (Covid-19)<\/p>\n<p>04\/06-02: WAKATT,\u00a0<a href=\"https:\/\/desingel.be\/nl\">deSingel<\/a>, Antwerpen (BE) \u2013 CANCELLED (Covid-19)<\/p>\n<p>03-02: WAKATT,\u00a0<a href=\"https:\/\/www.stuk.be\/nl\">Stuk<\/a>, Leuven (BE)\u00a0\u2013 CANCELLED (Covid-19)<\/p>\n<p>12\/16-01: WAKATT,\u00a0<a href=\"https:\/\/www.theatrenational.be\/nl\/\">Th\u00e9\u00e2tre National<\/a>, Bruxelles (BE) \u2013 CANCELLED (Covid-19)<\/p>\n\t\t\t\t\t\t<\/div>\n\t\t\t\t<\/div>\n\t\t\t\t<div class=\"elementor-element elementor-element-2a4488d elementor-widget elementor-widget-spacer\" data-id=\"2a4488d\" data-element_type=\"widget\" data-widget_type=\"spacer.default\">\n\t\t\t\t<div class=\"elementor-widget-container\">\n\t\t\t\t\t<div class=\"elementor-spacer\">\n\t\t\t<div class=\"elementor-spacer-inner\"><\/div>\n\t\t<\/div>\n\t\t\t\t<\/div>\n\t\t\t\t<\/div>\n\t\t\t\t<div class=\"elementor-element elementor-element-fffebb0 elementor-widget elementor-widget-heading\" data-id=\"fffebb0\" data-element_type=\"widget\" data-widget_type=\"heading.default\">\n\t\t\t\t<div class=\"elementor-widget-container\">\n\t\t\t<h2 class=\"elementor-heading-title elementor-size-default\">2020<\/h2>\t\t<\/div>\n\t\t\t\t<\/div>\n\t\t\t\t<div class=\"elementor-element elementor-element-69c0584 elementor-widget elementor-widget-text-editor\" data-id=\"69c0584\" data-element_type=\"widget\" data-widget_type=\"text-editor.default\">\n\t\t\t\t<div class=\"elementor-widget-container\">\n\t\t\t\t\t\t\t<p>04-05\/12: KALAKUTA REPUBLIK,\u00a0<a href=\"https:\/\/www.toukadanses-cdc-guyane.com\/actualites\/rencontres-de-danses-metisses\/\">Touka Danses<\/a>, Cayenne (GF)<\/p>\n<p>25\/28-10: WAKATT,\u00a0<a href=\"http:\/\/recreatrales.org\/\">Les R\u00e9cr\u00e9atrales<\/a>, Ouagadougou (BF)<\/p>\n<p>22\/26-09: WAKATT,\u00a0<a href=\"https:\/\/www.theatrenational.be\/nl\/\">Th\u00e9\u00e2tre National<\/a>, Bruxelles (BE)<\/p>\n<p>17\/19-09: WAKATT,\u00a0<a href=\"https:\/\/tanzhaus-nrw.de\/de\">Tanzhaus<\/a>, D\u00fcsseldorf (DE)<\/p>\n<p>17\/18-09: WAKATT, La Biennale de la Danse, Lyon (FR) \u2013 CANCELLED (Covid-19)<\/p>\n<p>08-09\/09: WAKATT,\u00a0<a href=\"https:\/\/www.ruhrtriennale.de\/de\/agenda\/286\/SERGE_AIME_COULIBALY_FASO_DANSE_THEATRE\/Wakatt\/\" target=\"_blank\" rel=\"noopener noreferrer\">Ruhrtriennale<\/a>, Bochum (DE) \u2013\u00a0CANCELLED (Covid-19)<\/p>\n<p>05\/06-09: WAKATT,\u00a0<a href=\"https:\/\/www.ruhrtriennale.de\/de\/agenda\/286\/SERGE_AIME_COULIBALY_FASO_DANSE_THEATRE\/Wakatt\/\" target=\"_blank\" rel=\"noopener noreferrer\">Ruhrtriennale<\/a>, Bochum (DE) \u2013\u00a0\u00a0CANCELLED (Covid-19)<\/p>\n<p>24\/25-06: KIRINA,\u00a0<a href=\"https:\/\/desingel.be\/nl\" target=\"_blank\" rel=\"noopener noreferrer\">deSingel<\/a>, Antwerpen (BE) \u2013 CANCELLED (Covid-19)<\/p>\n<p>22-06: KALAKUTA REPUBLIK,<a href=\"https:\/\/www.cd-cc.si\/kultura\/gledalisce-in-ples\/faso-danse-theatre-kalakuta-republika\" target=\"_blank\" rel=\"noopener noreferrer\">Cankarjev Dom<\/a>, Ljubljana (SL) \u2013 CANCELLED (Covid-19)<\/p>\n<p>11-06: KIRINA,\u00a0<a href=\"https:\/\/metz.fr\/agenda\/fiche-24979.php\" target=\"_blank\" rel=\"noopener noreferrer\">Cit\u00e9 musicale \u2013 L\u2019Arsenal<\/a>, Metz (FR) \u2013 CANCELLED (Covid-19)<\/p>\n<p>30-05: KIRNA,\u00a0<a href=\"https:\/\/www.theater-heilbronn.de\/\" target=\"_blank\" rel=\"noopener noreferrer\">Theater Heilbronn<\/a>, Heilbronn (DE) \u2013 CANCELLED (Covid-19)<\/p>\n<p>17-05: KIRINA,\u00a0<a href=\"https:\/\/www.tanz-bremen.com\/\" target=\"_blank\" rel=\"noopener noreferrer\">Tanz Bremen<\/a>, Bremen (DE) \u2013 CANCELLED (Covid-19)<\/p>\n<p>14-05: KIRINA,\u00a0<a href=\"https:\/\/www.maisondelaculture-amiens.com\/saison\/saison-19-20\/kirina\/\" target=\"_blank\" rel=\"noopener noreferrer\">Maison de la Culture d\u2019Amiens<\/a>, Amiens (FR) \u2013 CANCELLED (Covid-19)<\/p>\n<p>11\/12-05: KIRINA,\u00a0<a href=\"https:\/\/www.staatstheater-wiesbaden.de\/internationale-maifestspiele\/\" target=\"_blank\" rel=\"noopener noreferrer\">Maifestspiele Wiesbaden<\/a>, Wiesbaden (DE) \u2013 CANCELLED (Covid-19)<\/p>\n<p>25-04: KIRINA,\u00a0<a href=\"https:\/\/www.lestheatres.net\/fr\/a\/2098-kirina\" target=\"_blank\" rel=\"noopener noreferrer\">Les Th\u00e9\u00e2tres-Grand Th\u00e9\u00e2tre Aix-en-Provence<\/a>, Aix-en-Provence (FR) \u2013 CANCELLED (Covid-19)<\/p>\n<p>22-04: KIRINA,\u00a0<a href=\"http:\/\/www.theatres.lu\/SAISON+2019_2020\/Danse\/_22+SERGE+AIM%C3%89+COULIBALY_+ROKIA+TRAOR%C3%89+_+FASO+DANCE+TH%C3%89%C3%82TRE-p-20004058.html\" target=\"_blank\" rel=\"noopener noreferrer\">Les Th\u00e9\u00e2tres de la Ville de Luxembourg<\/a>, Luxembourg (LU) \u2013 CANCELLED (Covid-19)<\/p>\n<p>18-04: KIRINA,\u00a0<a href=\"https:\/\/www.festspielhaus.at\/de\/kalender\/448-serge-aime-coulibaly-rokia-traore#2020-04-18-19h30\" target=\"_blank\" rel=\"noopener noreferrer\">Festspielhaus St. P\u00f6lten<\/a>, St. P\u00f6lten (AT) \u2013 CANCELLED (Covid-19)<\/p>\n<p>02-04: KALAKUTA REPUBLIK,\u00a0<a href=\"https:\/\/www.theatre-corbeil-essonnes.fr\/\" target=\"_blank\" rel=\"noopener noreferrer\">Th\u00e9\u00e2tre de Corbeil-Essonnes<\/a>, Corbeil (FR) \u2013 CANCELLED (Covid-19)<\/p>\n<p>31-03: KIRINA,\u00a0<a href=\"https:\/\/www.concertgebouw.be\/\">Concertgebouw<\/a>, Brugge (BE) \u2013 CANCELLED (Covid-19)<\/p>\n<p>24-03: KALAKUTA REPUBLIK,\u00a0<a href=\"http:\/\/www.larampe-echirolles.fr\/les-spectacles\/item\/kalakuta-republik\" target=\"_blank\" rel=\"noopener noreferrer\">La Rampe-La Ponati\u00e8re<\/a>, Echirolles (FR) \u2013 CANCELLED (Covid-19)<\/p>\n<p>19\/20-03: KALAKUTA REPUBLIK,\u00a0<a href=\"http:\/\/www.vernier.ch\/dl.php\/fr\/5ced76310b488\/WEB_Programme_Saison2019-2020.pdf\" target=\"_blank\" rel=\"noopener noreferrer\">Commune de Vernier \u2013 Service de la Culture<\/a>, Vernier (CH) \u2013 CANCELLED (Covid-19)<\/p>\n<p>17-03: KALAKUTA REPUBLIK,\u00a0<a href=\"https:\/\/www.cd-cc.si\/kultura\/gledalisce-in-ples\/faso-danse-theatre-kalakuta-republika-prestavljeno\" target=\"_blank\" rel=\"noopener noreferrer\">Cankarjev Com<\/a>, Ljubljana (SI) \u2013 CANCELLED (Covid-19)<\/p>\n<p>05-03: KALAKUTA REPUBLIK,\u00a0<a href=\"https:\/\/www.zwaneberg.be\/e1437\/faso-danse-theatre-\/-serge-aime-coulibaly\" target=\"_blank\" rel=\"noopener noreferrer\">CC Zwaneberg<\/a>, Heist-op-den-Berg (BE)<\/p>\n<p>03-03: KALAKUTA REPUBLIK,\u00a0<a href=\"https:\/\/www.equilibre-nuithonie.ch\/fr\/saison\/spectacles\/988\/kalakuta-republik\/\" target=\"_blank\" rel=\"noopener noreferrer\">Equilibre-Nuithonie<\/a>, Fribourg (CH)<\/p>\n<p>22-02: KIRINA,\u00a0<a href=\"https:\/\/www.theaterrotterdam.nl\/agenda\/7936\/Faso_Danse_Theatre_Serge_Aime_Coulibaly\/Kirina\/\" target=\"_blank\" rel=\"noopener noreferrer\">Theater Rotterdam<\/a>, Rotterdam (NL)<\/p>\n<p>20-02: KIRINA,\u00a0<a href=\"https:\/\/ita.nl\/nl\/voorstellingen\/kirina\/3557\/\" target=\"_blank\" rel=\"noopener noreferrer\">ITA-Internationaal Theater Amsterdam<\/a>, Amsterdam (NL)<\/p>\n<p>17-02: KIRINA,\u00a0<a href=\"https:\/\/stadsschouwburg-utrecht.nl\/agenda\/2019-20\/kirina\/\" target=\"_blank\" rel=\"noopener noreferrer\">Stadsschouwburg Utrecht<\/a>, Utrecht (NL)<\/p>\n\t\t\t\t\t\t<\/div>\n\t\t\t\t<\/div>\n\t\t\t\t<div class=\"elementor-element elementor-element-ed7fde1 elementor-widget elementor-widget-spacer\" data-id=\"ed7fde1\" data-element_type=\"widget\" data-widget_type=\"spacer.default\">\n\t\t\t\t<div class=\"elementor-widget-container\">\n\t\t\t\t\t<div class=\"elementor-spacer\">\n\t\t\t<div class=\"elementor-spacer-inner\"><\/div>\n\t\t<\/div>\n\t\t\t\t<\/div>\n\t\t\t\t<\/div>\n\t\t\t\t<div class=\"elementor-element elementor-element-9ca271e elementor-widget elementor-widget-heading\" data-id=\"9ca271e\" data-element_type=\"widget\" data-widget_type=\"heading.default\">\n\t\t\t\t<div class=\"elementor-widget-container\">\n\t\t\t<h2 class=\"elementor-heading-title elementor-size-default\">2019<\/h2>\t\t<\/div>\n\t\t\t\t<\/div>\n\t\t\t\t<div class=\"elementor-element elementor-element-e14a7e9 elementor-widget elementor-widget-text-editor\" data-id=\"e14a7e9\" data-element_type=\"widget\" data-widget_type=\"text-editor.default\">\n\t\t\t\t<div class=\"elementor-widget-container\">\n\t\t\t\t\t\t\t<p>22-11: KALAKUTA REPUBLIK,\u00a0<a href=\"https:\/\/mascenenationale.eu\/evenement\/serge-aime-coulibaly-faso-danse-theatre\" target=\"_blank\" rel=\"noopener noreferrer\">MA Sc\u00e8ne Nationale<\/a>, Montb\u00e9liard (FR)<\/p>\n<p>8\/9-11: KALAKUTA REPUBLIK,\u00a0<a href=\"https:\/\/thelowry.com\/whats-on\/kalakuta-republik\/\" target=\"_blank\" rel=\"noopener noreferrer\">The Lowry<\/a>, Manchester (UK)<\/p>\n<p>4\/5-11: KALAKUTA REPUBLIK,\u00a0<a href=\"https:\/\/brightondome.org\/event\/23767\/kalakuta_republik\/\" target=\"_blank\" rel=\"noopener noreferrer\">Brighton Dome<\/a>, Brighton (UK)<\/p>\n<p>26-10: KALAKUTA REPUBLIK,\u00a0<a href=\"https:\/\/www.c-minecultuurcentrum.be\/programma\/view\/id\/1896\/h\/programma\/c\/dans\/serge-aim-coulibaly-kalakuta\" target=\"_blank\" rel=\"noopener noreferrer\">C-mine Cultuurcentrum<\/a>, Genk (BE)<\/p>\n<p>20-10: KALAKUTA REPUBLIK, Festival Dimitria, Thessaloniki (GR)<\/p>\n<p>12-09: KALAKUTA REPUBLIK,\u00a0<a href=\"http:\/\/letempsdaimer.com\/compagnie\/faso-danse-theatre-serge-aime-coulibaly-burkina-faso\/\" target=\"_blank\" rel=\"noopener noreferrer\">Le Temps d\u2019Aimer la Danse<\/a>, Biarritz (FR)<\/p>\n<p>17\/18-08: KALAKUTA REPUBLIK, Festival Escenica, Mexico City (MX<\/p>\n<p>08\/11-08: KALAKUTA REPUBLIK,\u00a0<a href=\"https:\/\/www.eif.co.uk\/whats-on\/2019\/kalakuta\" target=\"_blank\" rel=\"noopener noreferrer\">Edinburgh International Festival<\/a>, Edinburgh (UK)<\/p>\n<p>13\/14-06: KIRINA,\u00a0<a href=\"https:\/\/lavillette.com\/programmation\/serge-aime-coulibaly-musique-de-r-traore_e125\" target=\"_blank\" rel=\"noopener noreferrer\">La Villette<\/a>, Paris (FR)<\/p>\n<p>10-06: KIRINA,\u00a0<a href=\"http:\/\/kldt.lt\/en\/theatrium-2018\/\" target=\"_blank\" rel=\"noopener noreferrer\">The Atrium \u2013 Klaipeda Drama Theatre<\/a>, Klaipeda (LT)<\/p>\n<p>05\/07-06: KIRINA,\u00a0<a href=\"https:\/\/www.larose.fr\/\" target=\"_blank\" rel=\"noopener noreferrer\">La Rose des Vents<\/a>, Villeneuve D\u2019ascq (FR)<\/p>\n<p>30-05\/01-06: KALAKUTA REPUBLIK,\u00a0<a href=\"https:\/\/www.barbican.org.uk\/\" target=\"_blank\" rel=\"noopener noreferrer\">Barbican Centre<\/a>, London (UK)<\/p>\n<p>23\/25-05: KALAKUTA REPUBLIK,\u00a0<a href=\"https:\/\/fta.ca\/en\/archive\/kalakuta-republik\/\" target=\"_blank\" rel=\"noopener noreferrer\">Festival TransAm\u00e9rique<\/a>, Montr\u00e9al (CA)<\/p>\n<p>13-04: KALAKUTA REPUBLIK,\u00a0<a href=\"https:\/\/www.theatredelanacelle.fr\/\" target=\"_blank\" rel=\"noopener noreferrer\">Th\u00e9\u00e2tre de la Nacelle<\/a>, Aubergenville (FR)<\/p>\n<p>09-04: KIRINA, Timbuktu is back \u2013\u00a0<a href=\"https:\/\/www.hebbel-am-ufer.de\/\" target=\"_blank\" rel=\"noopener noreferrer\">HAU<\/a>, Berlin (DE)<\/p>\n<p>05-04: KALAKUTA REPUBLIK,\u00a0<a href=\"https:\/\/www.terdilft.be\/activiteitendetail\/4263\/kalakuta-republik\" target=\"_blank\" rel=\"noopener noreferrer\">CC Ter Dilft<\/a>, Bornem (BE)<\/p>\n<p>04-04: KALAKUTA REPUBLIK,<a href=\"https:\/\/www.despil.be\/e3236\/faso-dance-theatre-serge-aime-coulibaly-bf-be\" target=\"_blank\" rel=\"noopener noreferrer\">Cultuurcentrum De Spil<\/a>, Roeselare (BE)<\/p>\n<p>02-04: KALAKUTA REPUBLIK,\u00a0<a href=\"https:\/\/www.theaterstilburg.nl\/\" target=\"_blank\" rel=\"noopener noreferrer\">Theaters Tilburg<\/a>, Tilburg (NL)<\/p>\n<p>30-03: KALAKUTA REPUBLIK,\u00a0<a href=\"https:\/\/www.pba.be\/\" target=\"_blank\" rel=\"noopener noreferrer\">Palais des Beaux-Arts<\/a>, Charleroi (BE)<\/p>\n<p>05-03: KALAKUTA REPUBLIK,\u00a0<a href=\"https:\/\/www.saintetiennedurouvray.fr\/\" target=\"_blank\" rel=\"noopener noreferrer\">Le Rive Gauche<\/a>, Saint-Etienne-du-Rouvray (FR)<\/p>\n<p>21-02: KIRINA,\u00a0<a href=\"http:\/\/www.theatrejeanvilar.com\/\" target=\"_blank\" rel=\"noopener noreferrer\">Th\u00e9\u00e2tre Jean-Vilar<\/a>, Vitry-sur-Seine (FR)<\/p>\n<p>14\/16-02: KIRINA,\u00a0<a href=\"https:\/\/www.kampnagel.de\/\" target=\"_blank\" rel=\"noopener noreferrer\">Kampnagel<\/a>, Hamburg (DE)<\/p>\n<p>08\/09-02: KIRINA,\u00a0<a href=\"http:\/\/www.villedegarges.fr\/bouger-et-sortir\/la-culture\" target=\"_blank\" rel=\"noopener noreferrer\">Espace Lino Ventura<\/a>, Garges-l\u00e8s-Gonesse (FR)<\/p>\n<p>29-01\/02\/02: KIRINA,\u00a0<a href=\"https:\/\/www.theatrenational.be\/nl\/activities\/449-kirina\" target=\"_blank\" rel=\"noopener noreferrer\">Th\u00e9\u00e2tre National<\/a>, Brussel (BE)<\/p>\n<p>11\/12-01: KALAKUTA REPUBLIK,\u00a0<a href=\"https:\/\/tropiques-atrium.fr\/\" target=\"_blank\" rel=\"noopener noreferrer\">Tropiques Atrium \u2013 Sc\u00e8ne Nationale de Martinique<\/a>, Fort-de-France\/Martinique (FR)<\/p>\n\t\t\t\t\t\t<\/div>\n\t\t\t\t<\/div>\n\t\t\t\t<div class=\"elementor-element elementor-element-4bd274a elementor-widget elementor-widget-spacer\" data-id=\"4bd274a\" data-element_type=\"widget\" data-widget_type=\"spacer.default\">\n\t\t\t\t<div class=\"elementor-widget-container\">\n\t\t\t\t\t<div class=\"elementor-spacer\">\n\t\t\t<div class=\"elementor-spacer-inner\"><\/div>\n\t\t<\/div>\n\t\t\t\t<\/div>\n\t\t\t\t<\/div>\n\t\t\t\t<div class=\"elementor-element elementor-element-9367b30 elementor-widget elementor-widget-heading\" data-id=\"9367b30\" data-element_type=\"widget\" data-widget_type=\"heading.default\">\n\t\t\t\t<div class=\"elementor-widget-container\">\n\t\t\t<h2 class=\"elementor-heading-title elementor-size-default\">2018<\/h2>\t\t<\/div>\n\t\t\t\t<\/div>\n\t\t\t\t<div class=\"elementor-element elementor-element-962e7cd elementor-widget elementor-widget-text-editor\" data-id=\"962e7cd\" data-element_type=\"widget\" data-widget_type=\"text-editor.default\">\n\t\t\t\t<div class=\"elementor-widget-container\">\n\t\t\t\t\t\t\t<p>11\/12-12: KALAKUTA REPUBLIK,\u00a0<a href=\"http:\/\/bonlieu-annecy.com\/\" target=\"_blank\" rel=\"noopener noreferrer\">Bonlieu \u2013 Sc\u00e8ne Nationale<\/a>, Annecy (FR)<\/p>\n<p>30-11\/01-12: KALAKUTA REPUBLIK,\u00a0<a href=\"http:\/\/www.legrandt.fr\/\" target=\"_blank\" rel=\"noopener noreferrer\">Le Grand T<\/a>, Nantes (FR)<\/p>\n<p>27-11: KALAKUTA REPUBLIK,\u00a0<a href=\"https:\/\/www.amiens.fr\/Les-evenements\/KALAKUTA-REPUBLIK\" target=\"_blank\" rel=\"noopener noreferrer\">Le Safran \u2013 Sc\u00e8ne conventionn\u00e9e pluridisciplinaire et d\u2019exp\u00e9rimentation<\/a>, Amiens (FR)<\/p>\n<p>23\/24-11: KALAKUTA REPUBLIK,\u00a0<a href=\"http:\/\/www.chateauvallon.com\/saisons\/saison-2018-2019\/article\/kalakuta-republik\" target=\"_blank\" rel=\"noopener noreferrer\">Ch\u00e2teauvallon \u2013 Sc\u00e8ne Nationale<\/a>, Ollioules (FR)<\/p>\n<p>15-11: KIRINA,\u00a0<a href=\"https:\/\/www.espace-des-arts.com\/\" target=\"_blank\" rel=\"noopener noreferrer\">Espace des Arts \u2013 Sc\u00e8ne nationale de Chalon-sur-Sa\u00f4ne<\/a>, Chalon-sur-Sa\u00f4ne (FR)<\/p>\n<p>08\/09-11: KIRINA,\u00a0<a href=\"https:\/\/www.vooruit.be\/nl\/\" target=\"_blank\" rel=\"noopener noreferrer\">Kunstencentrum Vooruit<\/a>, Gent (BE)<\/p>\n<p>06\/07-11: KIRINA,\u00a0<a href=\"http:\/\/surmars.be\/\" target=\"_blank\" rel=\"noopener noreferrer\">Mars \u2013 Mont arts de la sc\u00e8ne<\/a>, Mons (BE)<\/p>\n<p>19\/22-09: KIRINA, Palladium \u2013\u00a0<a href=\"https:\/\/romaeuropa.net\/\" target=\"_blank\" rel=\"noopener noreferrer\">Fondazione Romaeuropa<\/a>, Roma (IT)<\/p>\n<p>27\/30-10: KIRINA,\u00a0<a href=\"http:\/\/recreatrales.org\/?page_id=2413\" target=\"_blank\" rel=\"noopener noreferrer\">Festival R\u00e9cr\u00e9\u00e2trales<\/a>, Ouagadougou (BF)<\/p>\n<p>18\/22-08: KIRINA,\u00a0<a href=\"https:\/\/www.ruhrtriennale.de\/de\/home\/\" target=\"_blank\" rel=\"noopener noreferrer\">Ruhrtriennale<\/a>, Gladbeck (DE)<\/p>\n<p>26\/28-07: KALAKUTA REPUBLIK,\u00a0<a href=\"https:\/\/www.parislete.fr\/\" target=\"_blank\" rel=\"noopener noreferrer\">Festival Paris L\u2019\u00e9t\u00e9<\/a>, Paris (FR)<\/p>\n<p>07-07: KALAKUTA REPUBLIK,\u00a0<a href=\"https:\/\/www.teatroviriato.com\/\" target=\"_blank\" rel=\"noopener noreferrer\">Teatro Viriato<\/a>, Viseu (PT)<\/p>\n<p>06-07: KALAKUTA REPUBLIK,\u00a0<a href=\"https:\/\/ctalmada.pt\/\" target=\"_blank\" rel=\"noopener noreferrer\">Almada International Theatre Festival<\/a>, Almada (PT)<\/p>\n<p>29-06\/02-07: KIRINA,\u00a0<a href=\"https:\/\/www.festivaldemarseille.com\/\" target=\"_blank\" rel=\"noopener noreferrer\">Festival de Marseille<\/a>, Marseille (FR)<\/p>\n<p>12\/13-06: KALAKUTA REPUBLIK,\u00a0<a href=\"http:\/\/www.theatres.lu\/\" target=\"_blank\" rel=\"noopener noreferrer\">Les Th\u00e9\u00e2tres de la Ville de Luxembourg<\/a>, Luxembourg (LU)<\/p>\n<p>05-05: AFRICA SIMPLY THE BEST,\u00a0<a href=\"https:\/\/www.steps.ch\/de\/home\" target=\"_blank\" rel=\"noopener noreferrer\">Migros Kulturprozent \u2013 Tanzfestival STEPSGessnerallee<\/a>, Z\u00fcrich (CH)<\/p>\n<p>03-05: AFRICA SIMPLY THE BEST,\u00a0<a href=\"https:\/\/www.steps.ch\/de\/home\" target=\"_blank\" rel=\"noopener noreferrer\">Migros Kulturprozent \u2013 Tanzfestival STEPSS\u00fcdpol Lucerne<\/a>, Lucerne (CH)<\/p>\n<p>29\/30-04: AFRICA SIMPLY THE BEST,\u00a0<a href=\"https:\/\/www.steps.ch\/de\/home\" target=\"_blank\" rel=\"noopener noreferrer\">Migros Kulturprozent \u2013 Tanzfestival STEPSADC \u2013 Th\u00e9\u00e2tre des Eaux-Vives<\/a>, Gen\u00e8ve (CH)<\/p>\n<p>25-04: AFRICA SIMPLY THE BEST,\u00a0<a href=\"https:\/\/www.steps.ch\/de\/home\" target=\"_blank\" rel=\"noopener noreferrer\">Migros Kulturprozent \u2013 Tanzfestival STEPSTeatro Sociale Bellinzona<\/a>, Bellinzona (CH)<\/p>\n<p>17\/18-04: KALAKUTA REPUBLIK,\u00a0<a href=\"https:\/\/www.pole-sud.fr\/\" target=\"_blank\" rel=\"noopener noreferrer\">P\u00f4le Sud \u2013 Sc\u00e8ne Conventionn\u00e9e pour la danse et la musique<\/a>, Strassbourg (FR)<\/p>\n<p>11-04: KALAKUTA REPUBLIK,\u00a0<a href=\"https:\/\/www.juntadeandalucia.es\/cultura\/teatros\/teatro-alhambra\/\" target=\"_blank\" rel=\"noopener noreferrer\">Teatro Alhambra<\/a>, Granada (ES)<\/p>\n<p>06\/07-04: KALAKUTA REPUBLIK,\u00a0<a href=\"https:\/\/www.juntadeandalucia.es\/cultura\/teatros\/teatro-central\/\" target=\"_blank\" rel=\"noopener noreferrer\">Teatro Central<\/a>, Sevilla (ES)<\/p>\n<p>23-03: KALAKUTA REPUBLIK,\u00a0<a href=\"http:\/\/www.theatrejeanvilar.com\/\" target=\"_blank\" rel=\"noopener noreferrer\">Th\u00e9\u00e2tre Jean Vilar<\/a>, Vitry-sur-Seine (FR)<\/p>\n<p>20-03: KALAKUTA REPUBLIK, L\u2019Apostrophe, Cergy-Pontoise (FR)<\/p>\n<p>16-03: KALAKUTA REPUBLIK,\u00a0<a href=\"https:\/\/www.stuk.be\/nl\/\" target=\"_blank\" rel=\"noopener noreferrer\">STUK Kunstencentrum<\/a>, Leuven (BE)<\/p>\n<p>13\/15-03: KALAKUTA REPUBLIK,\u00a0<a href=\"https:\/\/www.larose.fr\/\" target=\"_blank\" rel=\"noopener noreferrer\">La Rose des Vents<\/a>, Villeneuve D\u2019ascq (FR)<\/p>\n<p>10-03: KALAKUTA REPUBLIK,\u00a0<a href=\"https:\/\/www.theaterrotterdam.nl\/agenda\/6315\/Faso_Dance_Serge_Aime_Coulibaly\/Kalakuta_Republik\/\" target=\"_blank\" rel=\"noopener noreferrer\">Theater Rotterdam<\/a>, Rotterdam (NL)<\/p>\n<p>24-02: KALAKUTA REPUBLIK,\u00a0<a href=\"https:\/\/www.spotgroningen.nl\/\/programma\/faso-dance-theatre\/\" target=\"_blank\" rel=\"noopener noreferrer\">De Oosterpoort en de Stadsschouwburg<\/a>, Groningen (NL)<\/p>\n<p>15-02: KALAKUTA REPUBLIK,\u00a0<a href=\"http:\/\/www.lemanege.com\/\" target=\"_blank\" rel=\"noopener noreferrer\">Le Man\u00e8ge \u2013 Sc\u00e8ne Nationale de Maubeuge<\/a>, Maubeuge (FR)<\/p>\n<p>10-02: KALAKUTA REPUBLIK,\u00a0<a href=\"https:\/\/www.levolcan.com\/spectacles\/kalakuta-republik\" target=\"_blank\" rel=\"noopener noreferrer\">Le Volcan<\/a>, Le Havre (FR)28-02: KALAKUTA REPUBLIK,\u00a0<a href=\"https:\/\/www.zuiderstrandtheater.nl\/programma\/\" target=\"_blank\" rel=\"noopener noreferrer\">Zuiderstrand Theater<\/a>, Den Haag (NL)<\/p>\n<p>06\/08-02: KALAKUTA REPUBLIK,\u00a0<a href=\"https:\/\/www.la-coursive.com\/\" target=\"_blank\" rel=\"noopener noreferrer\">La Coursive<\/a>, La Rochelle (FR)<\/p>\n<p>03-02: KALAKUTA REPUBLIK,\u00a0<a href=\"http:\/\/www.theatre-cornouaille.fr\/\" target=\"_blank\" rel=\"noopener noreferrer\">Th\u00e9\u00e2tre de Cournouaille<\/a>, Quimper (FR)<\/p>\n<p>20-01: KALAKUTA REPUBLIK,\u00a0<a href=\"https:\/\/www.lafermedubuisson.com\/programme\" target=\"_blank\" rel=\"noopener noreferrer\">La Ferme du Buisson<\/a>, Marne-la-Vall\u00e9e (FR)<\/p>\n<p>16-01: KALAKUTA REPUBLIK,\u00a0<a href=\"https:\/\/www.letarmac.fr\/loisirs\/\" target=\"_blank\" rel=\"noopener noreferrer\">Le Tarmac<\/a>, Paris (FR)<\/p>\n<p>13-01: KALAKUTA REPUBLIK,\u00a0<a href=\"https:\/\/www.lafilature.org\/spectacle\/kalakuta-republik\/\" target=\"_blank\" rel=\"noopener noreferrer\">La Filature<\/a>, Mulhouse (FR)<\/p>\n\t\t\t\t\t\t<\/div>\n\t\t\t\t<\/div>\n\t\t\t\t<div class=\"elementor-element elementor-element-8351be0 elementor-widget elementor-widget-spacer\" data-id=\"8351be0\" data-element_type=\"widget\" data-widget_type=\"spacer.default\">\n\t\t\t\t<div class=\"elementor-widget-container\">\n\t\t\t\t\t<div class=\"elementor-spacer\">\n\t\t\t<div class=\"elementor-spacer-inner\"><\/div>\n\t\t<\/div>\n\t\t\t\t<\/div>\n\t\t\t\t<\/div>\n\t\t\t\t<div class=\"elementor-element elementor-element-52cf35e elementor-widget elementor-widget-heading\" data-id=\"52cf35e\" data-element_type=\"widget\" data-widget_type=\"heading.default\">\n\t\t\t\t<div class=\"elementor-widget-container\">\n\t\t\t<h2 class=\"elementor-heading-title elementor-size-default\">2017<\/h2>\t\t<\/div>\n\t\t\t\t<\/div>\n\t\t\t\t<div class=\"elementor-element elementor-element-f61e4ed elementor-widget elementor-widget-text-editor\" data-id=\"f61e4ed\" data-element_type=\"widget\" data-widget_type=\"text-editor.default\">\n\t\t\t\t<div class=\"elementor-widget-container\">\n\t\t\t\t\t\t\t<div id=\"ConnectiveDocSignExtentionInstalled\" data-extension-version=\"1.0.4\">25\/27-10: KALAKUTA REPUBLIK,\u00a0<a href=\"https:\/\/www.onassis.org\/\" target=\"_blank\" rel=\"noopener noreferrer\">Onassis Cultural Center<\/a>, Athene (GR)<\/div>\n<div data-extension-version=\"1.0.4\">\u00a0<\/div>\n<div data-extension-version=\"1.0.4\">21-10: KALAKUTA REPUBLIK,\u00a0<a href=\"https:\/\/stadsschouwburg-utrecht.nl\/organisatie\/contact\" target=\"_blank\" rel=\"noopener noreferrer\">Stadsschouwburg Utrecht<\/a>, Utrecht (NL)<\/div>\n<div data-extension-version=\"1.0.4\">\u00a0<\/div>\n<div data-extension-version=\"1.0.4\">18-10: KALAKUTA REPUBLIK,\u00a0<a href=\"https:\/\/www.ccbrugge.be\/cookiewall\" target=\"_blank\" rel=\"noopener noreferrer\">CC Brugge<\/a>, Brugge (BE)<\/div>\n<div data-extension-version=\"1.0.4\">\u00a0<\/div>\n<div data-extension-version=\"1.0.4\">15-10: KALAKUTA REPUBLIK,\u00a0<a href=\"http:\/\/onedanceweek.com\/program\/?lang=en\" target=\"_blank\" rel=\"noopener noreferrer\">One Dance Week<\/a>, Plovdiv (BG)<\/div>\n<div data-extension-version=\"1.0.4\">\u00a0<\/div>\n<div data-extension-version=\"1.0.4\">10-10: KALAKUTA REPUBLIK,\u00a0<a href=\"http:\/\/www.tandem-arrasdouai.eu\/fr\" target=\"_blank\" rel=\"noopener noreferrer\">Tandem<\/a>, Douai (FR)<\/div>\n<div data-extension-version=\"1.0.4\">\u00a0<\/div>\n<div data-extension-version=\"1.0.4\">06\/07-10: KALAKUTA REPUBLIK,\u00a0<a href=\"http:\/\/www.torinodanzafestival.it\/?projects=kalakuta-republik\" target=\"_blank\" rel=\"noopener noreferrer\">Torinodanza<\/a>, Torino (IT)<\/div>\n<div data-extension-version=\"1.0.4\">\u00a0<\/div>\n<div data-extension-version=\"1.0.4\">03\/03-10: KALAKUTA REPUBLIK,\u00a0<a href=\"https:\/\/www.vooruit.be\/nl\/\" target=\"_blank\" rel=\"noopener noreferrer\">Kunstencentrum Vooruit<\/a>, Gent (BE)<\/div>\n<div data-extension-version=\"1.0.4\">\u00a0<\/div>\n<div data-extension-version=\"1.0.4\">27-09: KALAKUTA REPUBLIK,\u00a0<a href=\"http:\/\/www.lesfrancophonies.fr\/\" target=\"_blank\" rel=\"noopener noreferrer\">Les Francophonies en Limousin<\/a>, Limoges (FR)<\/div>\n<div data-extension-version=\"1.0.4\">\u00a0<\/div>\n<div data-extension-version=\"1.0.4\">17\/19-08: KALAKUTA REPUBLIK,\u00a0<a href=\"https:\/\/www.kampnagel.de\/internationales-sommerfestival\/\" target=\"_blank\" rel=\"noopener noreferrer\">Internationales Sommerfestival Hamburg \u2013 Kampnagel<\/a>, Hamburg (DE)<\/div>\n<div data-extension-version=\"1.0.4\">\u00a0<\/div>\n<div data-extension-version=\"1.0.4\">11\/12-08: KALAKUTA REPUBLIK,\u00a0<a href=\"https:\/\/www.tanzimaugust.de\/\" target=\"_blank\" rel=\"noopener noreferrer\">Tanz im August \u2013 HAU<\/a>, Berlin (DE)<\/div>\n<div data-extension-version=\"1.0.4\">\u00a0<\/div>\n<div data-extension-version=\"1.0.4\">08\/09-08: KALAKUTA REPUBLIK,\u00a0<a href=\"https:\/\/www.festivalboulevard.nl\/nl\/\" target=\"_blank\" rel=\"noopener noreferrer\">Theaterfestival Boulevard Den Bosch<\/a>, \u2018s Hertogenbosch<\/div>\n<div data-extension-version=\"1.0.4\">\u00a0<\/div>\n<div data-extension-version=\"1.0.4\">24\/25-07: KALAKUTA REPUBLIK,\u00a0<a href=\"https:\/\/www.festival-avignon.com\/fr\/spectacles\/2017\/kalakuta-republik\" target=\"_blank\" rel=\"noopener noreferrer\">Festival d\u2019Avignon<\/a>, Avignon (FR)<\/div>\n<div data-extension-version=\"1.0.4\">\u00a0<\/div>\n<div data-extension-version=\"1.0.4\">19\/22-07: KALAKUTA REPUBLIK,<a href=\"https:\/\/www.festival-avignon.com\/fr\/spectacles\/2017\/kalakuta-republik\" target=\"_blank\" rel=\"noopener noreferrer\">Festival d\u2019Avignon<\/a>, Avignon (FR)<\/div>\n<div data-extension-version=\"1.0.4\">\u00a0<\/div>\n<div data-extension-version=\"1.0.4\">09-07: KALAKUTA REPUBLIK,\u00a0<a href=\"https:\/\/www.festivaldemarseille.com\/fr\/programme\/kalakuta-republik\" target=\"_blank\" rel=\"noopener noreferrer\">Festival de Marseille \u2013 MUCEM<\/a>, Marseille (FR)<\/div>\n<div data-extension-version=\"1.0.4\">\u00a0<\/div>\n<div data-extension-version=\"1.0.4\">01-07: KALAKUTA REPUBLIK,\u00a0<a href=\"http:\/\/surmars.be\/\" target=\"_blank\" rel=\"noopener noreferrer\">Mars \u2013 Mons arts de la sc\u00e8ne<\/a>, Mons (BE)<\/div>\n<div data-extension-version=\"1.0.4\">\u00a0<\/div>\n<div data-extension-version=\"1.0.4\">16\/17-06: KALAKUTA REPUBLIK,\u00a0<a href=\"https:\/\/tanzhaus-nrw.de\/de\" target=\"_blank\" rel=\"noopener noreferrer\">Tanzhaus D\u00fcsseldorf<\/a>, D\u00fcsseldorf (DE)<\/div>\n<div data-extension-version=\"1.0.4\">\u00a0<\/div>\n<div data-extension-version=\"1.0.4\">14-06: KALAKUTA REPUBLIK,\u00a0<a href=\"http:\/\/www.africologne-festival.de\/\" target=\"_blank\" rel=\"noopener noreferrer\">Festival AfriCologne \u2013 Oper K\u00f6ln im Staatenhaus<\/a>, K\u00f6ln (DE)<\/div>\n<div data-extension-version=\"1.0.4\">\u00a0<\/div>\n<div data-extension-version=\"1.0.4\">23-03: AFRICA SIMPLY THE BEST, Parc et Grande Halle de la Villette \u2013 Festival 100%, Paris (FR)<\/div>\n<div data-extension-version=\"1.0.4\">\u00a0<\/div>\n<div data-extension-version=\"1.0.4\">10\/11-03: KALAKUTA REPUBLIK,\u00a0<a href=\"http:\/\/www.maisondeladanse.com\/\" target=\"_blank\" rel=\"noopener noreferrer\">Maison de la Danse<\/a>, Lyon (FR)<\/div>\n<div data-extension-version=\"1.0.4\">\u00a0<\/div>\n<div data-extension-version=\"1.0.4\">18-02: KALAKUTA REPUBLIK,\u00a0<a href=\"https:\/\/www.degrotepost.be\/\" target=\"_blank\" rel=\"noopener noreferrer\">De Grote Post<\/a>, Oostende (BE)<\/div>\n<div data-extension-version=\"1.0.4\">\u00a0<\/div>\n<div data-extension-version=\"1.0.4\">15\/17-02: KALAKUTA REPUBLIK,\u00a0<a href=\"https:\/\/www.halles.be\/nl\/program\/\" target=\"_blank\" rel=\"noopener noreferrer\">Les Halles de Schaerbeek<\/a>, Brussel (BE)<\/div>\n\t\t\t\t\t\t<\/div>\n\t\t\t\t<\/div>\n\t\t\t\t<div class=\"elementor-element elementor-element-b066d35 elementor-widget elementor-widget-spacer\" data-id=\"b066d35\" data-element_type=\"widget\" data-widget_type=\"spacer.default\">\n\t\t\t\t<div class=\"elementor-widget-container\">\n\t\t\t\t\t<div class=\"elementor-spacer\">\n\t\t\t<div class=\"elementor-spacer-inner\"><\/div>\n\t\t<\/div>\n\t\t\t\t<\/div>\n\t\t\t\t<\/div>\n\t\t\t\t\t<\/div>\n\t\t\t\t<\/div>\n\t\t\t\t<\/div>\n\t\t","protected":false},"excerpt":{"rendered":"<p>CALENDRIER PROCHAINES DATES SADAKA TEA Samedi 21 mars 2026 \u2013 17h30 \u2013 Place de la Bourse Cliquez ici 2026 08\/10\/2026 :BACK TO KIDAL, Den Haag (NL) 06\/10\/2026 :BACK TO KIDAL, Rotterdam (NL) 03\/10\/2026 :BACK TO KIDAL, Leeuwarden (NL) 01\/10\/2026 :BACK TO KIDAL, Charleroi Danse (BE) 26\/09\/2026 :BACK TO KIDAL, DeSingel &#8211; Antwerp (BE) 25\/09\/2026 :BACK [&hellip;]<\/p>\n","protected":false},"author":3,"featured_media":0,"parent":0,"menu_order":0,"comment_status":"closed","ping_status":"closed","template":"","meta":{"_monsterinsights_skip_tracking":false,"_monsterinsights_sitenote_active":false,"_monsterinsights_sitenote_note":"","_monsterinsights_sitenote_category":0,"ocean_post_layout":"","ocean_both_sidebars_style":"","ocean_both_sidebars_content_width":0,"ocean_both_sidebars_sidebars_width":0,"ocean_sidebar":"","ocean_second_sidebar":"","ocean_disable_margins":"enable","ocean_add_body_class":"","ocean_shortcode_before_top_bar":"","ocean_shortcode_after_top_bar":"","ocean_shortcode_before_header":"","ocean_shortcode_after_header":"","ocean_has_shortcode":"","ocean_shortcode_after_title":"","ocean_shortcode_before_footer_widgets":"","ocean_shortcode_after_footer_widgets":"","ocean_shortcode_before_footer_bottom":"","ocean_shortcode_after_footer_bottom":"","ocean_display_top_bar":"default","ocean_display_header":"default","ocean_header_style":"","ocean_center_header_left_menu":"","ocean_custom_header_template":"","ocean_custom_logo":0,"ocean_custom_retina_logo":0,"ocean_custom_logo_max_width":0,"ocean_custom_logo_tablet_max_width":0,"ocean_custom_logo_mobile_max_width":0,"ocean_custom_logo_max_height":0,"ocean_custom_logo_tablet_max_height":0,"ocean_custom_logo_mobile_max_height":0,"ocean_header_custom_menu":"","ocean_menu_typo_font_family":"","ocean_menu_typo_font_subset":"","ocean_menu_typo_font_size":0,"ocean_menu_typo_font_size_tablet":0,"ocean_menu_typo_font_size_mobile":0,"ocean_menu_typo_font_size_unit":"px","ocean_menu_typo_font_weight":"","ocean_menu_typo_font_weight_tablet":"","ocean_menu_typo_font_weight_mobile":"","ocean_menu_typo_transform":"","ocean_menu_typo_transform_tablet":"","ocean_menu_typo_transform_mobile":"","ocean_menu_typo_line_height":0,"ocean_menu_typo_line_height_tablet":0,"ocean_menu_typo_line_height_mobile":0,"ocean_menu_typo_line_height_unit":"","ocean_menu_typo_spacing":0,"ocean_menu_typo_spacing_tablet":0,"ocean_menu_typo_spacing_mobile":0,"ocean_menu_typo_spacing_unit":"","ocean_menu_link_color":"","ocean_menu_link_color_hover":"","ocean_menu_link_color_active":"","ocean_menu_link_background":"","ocean_menu_link_hover_background":"","ocean_menu_link_active_background":"","ocean_menu_social_links_bg":"","ocean_menu_social_hover_links_bg":"","ocean_menu_social_links_color":"","ocean_menu_social_hover_links_color":"","ocean_disable_title":"default","ocean_disable_heading":"default","ocean_post_title":"","ocean_post_subheading":"","ocean_post_title_style":"","ocean_post_title_background_color":"","ocean_post_title_background":0,"ocean_post_title_bg_image_position":"","ocean_post_title_bg_image_attachment":"","ocean_post_title_bg_image_repeat":"","ocean_post_title_bg_image_size":"","ocean_post_title_height":0,"ocean_post_title_bg_overlay":0.5,"ocean_post_title_bg_overlay_color":"","ocean_disable_breadcrumbs":"default","ocean_breadcrumbs_color":"","ocean_breadcrumbs_separator_color":"","ocean_breadcrumbs_links_color":"","ocean_breadcrumbs_links_hover_color":"","ocean_display_footer_widgets":"default","ocean_display_footer_bottom":"default","ocean_custom_footer_template":"","footnotes":""},"yoast_head":"<!-- This site is optimized with the Yoast SEO plugin v23.4 - https:\/\/yoast.com\/wordpress\/plugins\/seo\/ -->\n<title>Calendrier - Faso Danse Theatre<\/title>\n<meta name=\"robots\" content=\"index, follow, max-snippet:-1, max-image-preview:large, max-video-preview:-1\" \/>\n<link rel=\"canonical\" href=\"https:\/\/www.fasodansetheatre.com\/fr\/calendrier\/\" \/>\n<meta property=\"og:locale\" content=\"fr_FR\" \/>\n<meta property=\"og:type\" content=\"article\" \/>\n<meta property=\"og:title\" content=\"Calendrier - Faso Danse Theatre\" \/>\n<meta property=\"og:description\" content=\"CALENDRIER PROCHAINES DATES SADAKA TEA Samedi 21 mars 2026 \u2013 17h30 \u2013 Place de la Bourse Cliquez ici 2026 08\/10\/2026 :BACK TO KIDAL, Den Haag (NL) 06\/10\/2026 :BACK TO KIDAL, Rotterdam (NL) 03\/10\/2026 :BACK TO KIDAL, Leeuwarden (NL) 01\/10\/2026 :BACK TO KIDAL, Charleroi Danse (BE) 26\/09\/2026 :BACK TO KIDAL, DeSingel &#8211; Antwerp (BE) 25\/09\/2026 :BACK [&hellip;]\" \/>\n<meta property=\"og:url\" content=\"https:\/\/www.fasodansetheatre.com\/fr\/calendrier\/\" \/>\n<meta property=\"og:site_name\" content=\"Faso Danse Theatre\" \/>\n<meta property=\"article:modified_time\" content=\"2026-03-21T09:07:52+00:00\" \/>\n<meta name=\"twitter:card\" content=\"summary_large_image\" \/>\n<meta name=\"twitter:label1\" content=\"Dur\u00e9e de lecture estim\u00e9e\" \/>\n\t<meta name=\"twitter:data1\" content=\"12 minutes\" \/>\n<script type=\"application\/ld+json\" class=\"yoast-schema-graph\">{\"@context\":\"https:\/\/schema.org\",\"@graph\":[{\"@type\":\"WebPage\",\"@id\":\"https:\/\/www.fasodansetheatre.com\/fr\/calendrier\/\",\"url\":\"https:\/\/www.fasodansetheatre.com\/fr\/calendrier\/\",\"name\":\"Calendrier - Faso Danse Theatre\",\"isPartOf\":{\"@id\":\"https:\/\/www.fasodansetheatre.com\/#website\"},\"datePublished\":\"2024-09-04T19:12:12+00:00\",\"dateModified\":\"2026-03-21T09:07:52+00:00\",\"breadcrumb\":{\"@id\":\"https:\/\/www.fasodansetheatre.com\/fr\/calendrier\/#breadcrumb\"},\"inLanguage\":\"fr-FR\",\"potentialAction\":[{\"@type\":\"ReadAction\",\"target\":[\"https:\/\/www.fasodansetheatre.com\/fr\/calendrier\/\"]}]},{\"@type\":\"BreadcrumbList\",\"@id\":\"https:\/\/www.fasodansetheatre.com\/fr\/calendrier\/#breadcrumb\",\"itemListElement\":[{\"@type\":\"ListItem\",\"position\":1,\"name\":\"Home\",\"item\":\"https:\/\/www.fasodansetheatre.com\/\"},{\"@type\":\"ListItem\",\"position\":2,\"name\":\"Calendrier\"}]},{\"@type\":\"WebSite\",\"@id\":\"https:\/\/www.fasodansetheatre.com\/#website\",\"url\":\"https:\/\/www.fasodansetheatre.com\/\",\"name\":\"Faso Danse Theatre\",\"description\":\"\",\"publisher\":{\"@id\":\"https:\/\/www.fasodansetheatre.com\/#organization\"},\"potentialAction\":[{\"@type\":\"SearchAction\",\"target\":{\"@type\":\"EntryPoint\",\"urlTemplate\":\"https:\/\/www.fasodansetheatre.com\/?s={search_term_string}\"},\"query-input\":{\"@type\":\"PropertyValueSpecification\",\"valueRequired\":true,\"valueName\":\"search_term_string\"}}],\"inLanguage\":\"fr-FR\"},{\"@type\":\"Organization\",\"@id\":\"https:\/\/www.fasodansetheatre.com\/#organization\",\"name\":\"Faso Danse Theatre\",\"url\":\"https:\/\/www.fasodansetheatre.com\/\",\"logo\":{\"@type\":\"ImageObject\",\"inLanguage\":\"fr-FR\",\"@id\":\"https:\/\/www.fasodansetheatre.com\/#\/schema\/logo\/image\/\",\"url\":\"https:\/\/www.fasodansetheatre.com\/wp-content\/uploads\/2020\/02\/cropped-Schermafbeelding-2020-02-18-om-22.31.36-e1582061705302.png\",\"contentUrl\":\"https:\/\/www.fasodansetheatre.com\/wp-content\/uploads\/2020\/02\/cropped-Schermafbeelding-2020-02-18-om-22.31.36-e1582061705302.png\",\"width\":512,\"height\":512,\"caption\":\"Faso Danse Theatre\"},\"image\":{\"@id\":\"https:\/\/www.fasodansetheatre.com\/#\/schema\/logo\/image\/\"}}]}<\/script>\n<!-- \/ Yoast SEO plugin. -->","yoast_head_json":{"title":"Calendrier - Faso Danse Theatre","robots":{"index":"index","follow":"follow","max-snippet":"max-snippet:-1","max-image-preview":"max-image-preview:large","max-video-preview":"max-video-preview:-1"},"canonical":"https:\/\/www.fasodansetheatre.com\/fr\/calendrier\/","og_locale":"fr_FR","og_type":"article","og_title":"Calendrier - Faso Danse Theatre","og_description":"CALENDRIER PROCHAINES DATES SADAKA TEA Samedi 21 mars 2026 \u2013 17h30 \u2013 Place de la Bourse Cliquez ici 2026 08\/10\/2026 :BACK TO KIDAL, Den Haag (NL) 06\/10\/2026 :BACK TO KIDAL, Rotterdam (NL) 03\/10\/2026 :BACK TO KIDAL, Leeuwarden (NL) 01\/10\/2026 :BACK TO KIDAL, Charleroi Danse (BE) 26\/09\/2026 :BACK TO KIDAL, DeSingel &#8211; Antwerp (BE) 25\/09\/2026 :BACK [&hellip;]","og_url":"https:\/\/www.fasodansetheatre.com\/fr\/calendrier\/","og_site_name":"Faso Danse Theatre","article_modified_time":"2026-03-21T09:07:52+00:00","twitter_card":"summary_large_image","twitter_misc":{"Dur\u00e9e de lecture estim\u00e9e":"12 minutes"},"schema":{"@context":"https:\/\/schema.org","@graph":[{"@type":"WebPage","@id":"https:\/\/www.fasodansetheatre.com\/fr\/calendrier\/","url":"https:\/\/www.fasodansetheatre.com\/fr\/calendrier\/","name":"Calendrier - Faso Danse Theatre","isPartOf":{"@id":"https:\/\/www.fasodansetheatre.com\/#website"},"datePublished":"2024-09-04T19:12:12+00:00","dateModified":"2026-03-21T09:07:52+00:00","breadcrumb":{"@id":"https:\/\/www.fasodansetheatre.com\/fr\/calendrier\/#breadcrumb"},"inLanguage":"fr-FR","potentialAction":[{"@type":"ReadAction","target":["https:\/\/www.fasodansetheatre.com\/fr\/calendrier\/"]}]},{"@type":"BreadcrumbList","@id":"https:\/\/www.fasodansetheatre.com\/fr\/calendrier\/#breadcrumb","itemListElement":[{"@type":"ListItem","position":1,"name":"Home","item":"https:\/\/www.fasodansetheatre.com\/"},{"@type":"ListItem","position":2,"name":"Calendrier"}]},{"@type":"WebSite","@id":"https:\/\/www.fasodansetheatre.com\/#website","url":"https:\/\/www.fasodansetheatre.com\/","name":"Faso Danse Theatre","description":"","publisher":{"@id":"https:\/\/www.fasodansetheatre.com\/#organization"},"potentialAction":[{"@type":"SearchAction","target":{"@type":"EntryPoint","urlTemplate":"https:\/\/www.fasodansetheatre.com\/?s={search_term_string}"},"query-input":{"@type":"PropertyValueSpecification","valueRequired":true,"valueName":"search_term_string"}}],"inLanguage":"fr-FR"},{"@type":"Organization","@id":"https:\/\/www.fasodansetheatre.com\/#organization","name":"Faso Danse Theatre","url":"https:\/\/www.fasodansetheatre.com\/","logo":{"@type":"ImageObject","inLanguage":"fr-FR","@id":"https:\/\/www.fasodansetheatre.com\/#\/schema\/logo\/image\/","url":"https:\/\/www.fasodansetheatre.com\/wp-content\/uploads\/2020\/02\/cropped-Schermafbeelding-2020-02-18-om-22.31.36-e1582061705302.png","contentUrl":"https:\/\/www.fasodansetheatre.com\/wp-content\/uploads\/2020\/02\/cropped-Schermafbeelding-2020-02-18-om-22.31.36-e1582061705302.png","width":512,"height":512,"caption":"Faso Danse Theatre"},"image":{"@id":"https:\/\/www.fasodansetheatre.com\/#\/schema\/logo\/image\/"}}]}},"_links":{"self":[{"href":"https:\/\/www.fasodansetheatre.com\/fr\/wp-json\/wp\/v2\/pages\/5331"}],"collection":[{"href":"https:\/\/www.fasodansetheatre.com\/fr\/wp-json\/wp\/v2\/pages"}],"about":[{"href":"https:\/\/www.fasodansetheatre.com\/fr\/wp-json\/wp\/v2\/types\/page"}],"author":[{"embeddable":true,"href":"https:\/\/www.fasodansetheatre.com\/fr\/wp-json\/wp\/v2\/users\/3"}],"replies":[{"embeddable":true,"href":"https:\/\/www.fasodansetheatre.com\/fr\/wp-json\/wp\/v2\/comments?post=5331"}],"version-history":[{"count":40,"href":"https:\/\/www.fasodansetheatre.com\/fr\/wp-json\/wp\/v2\/pages\/5331\/revisions"}],"predecessor-version":[{"id":6445,"href":"https:\/\/www.fasodansetheatre.com\/fr\/wp-json\/wp\/v2\/pages\/5331\/revisions\/6445"}],"wp:attachment":[{"href":"https:\/\/www.fasodansetheatre.com\/fr\/wp-json\/wp\/v2\/media?parent=5331"}],"curies":[{"name":"wp","href":"https:\/\/api.w.org\/{rel}","templated":true}]}}